{"id":956,"date":"2023-05-03T13:32:27","date_gmt":"2023-05-03T12:32:27","guid":{"rendered":"https:\/\/www.iespintorjosemariafernandez.es\/?page_id=956"},"modified":"2023-05-18T13:03:08","modified_gmt":"2023-05-18T11:03:08","slug":"pcovid","status":"publish","type":"page","link":"https:\/\/www.iespintorjosemariafernandez.es\/index.php\/ies-pintor-antequera\/proyectos\/pcovid\/","title":{"rendered":"COVID"},"content":{"rendered":"\t\t<div data-elementor-type=\"wp-page\" data-elementor-id=\"956\" class=\"elementor elementor-956\">\n\t\t\t\t<div class=\"elementor-element elementor-element-34b875f e-flex e-con-boxed e-con e-parent\" data-id=\"34b875f\" data-element_type=\"container\" data-e-type=\"container\">\n\t\t\t\t\t<div class=\"e-con-inner\">\n\t\t<div class=\"elementor-element elementor-element-658f235 e-con-full e-flex e-con e-parent\" data-id=\"658f235\" data-element_type=\"container\" data-e-type=\"container\">\n\t\t\t\t<div class=\"elementor-element elementor-element-7d40c85 elementor-widget elementor-widget-image\" data-id=\"7d40c85\" data-element_type=\"widget\" data-e-type=\"widget\" data-widget_type=\"image.default\">\n\t\t\t\t<div class=\"elementor-widget-container\">\n\t\t\t\t\t\t\t\t\t\t\t\t\t\t\t<img fetchpriority=\"high\" decoding=\"async\" width=\"400\" height=\"400\" src=\"https:\/\/www.iespintorjosemariafernandez.es\/wp-content\/uploads\/2023\/05\/COVID.png\" class=\"attachment-large size-large wp-image-932\" alt=\"Logo Plan COVID-19\" srcset=\"https:\/\/www.iespintorjosemariafernandez.es\/wp-content\/uploads\/2023\/05\/COVID.png 400w, https:\/\/www.iespintorjosemariafernandez.es\/wp-content\/uploads\/2023\/05\/COVID-300x300.png 300w, https:\/\/www.iespintorjosemariafernandez.es\/wp-content\/uploads\/2023\/05\/COVID-150x150.png 150w\" sizes=\"(max-width: 400px) 100vw, 400px\" \/>\t\t\t\t\t\t\t\t\t\t\t\t\t\t\t<\/div>\n\t\t\t\t<\/div>\n\t\t\t\t<\/div>\n\t\t<div class=\"elementor-element elementor-element-acd1ed6 e-con-full e-flex e-con e-parent\" data-id=\"acd1ed6\" data-element_type=\"container\" data-e-type=\"container\">\n\t\t\t\t<div class=\"elementor-element elementor-element-b075f8c elementor-widget elementor-widget-text-editor\" data-id=\"b075f8c\" data-element_type=\"widget\" data-e-type=\"widget\" data-widget_type=\"text-editor.default\">\n\t\t\t\t<div class=\"elementor-widget-container\">\n\t\t\t\t\t\t\t\t\t<p><strong>COORDINADOR:<\/strong> D. Manuel M. Infante Santiago<\/p><p><strong>OBJETIVOS:<\/strong><\/p><p style=\"text-align: justify;\">El objetivo principal de este proyecto es garantizar un entorno seguro y saludable para los estudiantes y el personal del centro, minimizando los riesgos de contagio y asegurando la continuidad de la educaci\u00f3n presencial.<\/p>\t\t\t\t\t\t\t\t<\/div>\n\t\t\t\t<\/div>\n\t\t\t\t<\/div>\n\t\t\t\t\t<\/div>\n\t\t\t\t<\/div>\n\t\t<div class=\"elementor-element elementor-element-6627b24 e-flex e-con-boxed e-con e-parent\" data-id=\"6627b24\" data-element_type=\"container\" data-e-type=\"container\">\n\t\t\t\t\t<div class=\"e-con-inner\">\n\t\t\t\t<div class=\"elementor-element elementor-element-ea39f9a elementor-widget elementor-widget-text-editor\" data-id=\"ea39f9a\" data-element_type=\"widget\" data-e-type=\"widget\" data-widget_type=\"text-editor.default\">\n\t\t\t\t<div class=\"elementor-widget-container\">\n\t\t\t\t\t\t\t\t\t<p style=\"color: #000000; font-family: Verdana, Arial, Helvetica, sans-serif; font-size: 14px; text-align: justify;\">En el presente curso escolar 2022\/2023 se est\u00e1n llevando a cabo en nuestro centro diferentes actuaciones que han sido cofinanciadas por el Fondo Social Europeo (FSE). Concretamente este curso contamos con dos profesores adicionales de Refuerzo Covid, actuaci\u00f3n que se lleva a cabo como medida para favorecer la reparaci\u00f3n de la crisis en el contexto de la pandemia COVID-19 y sus consecuencias sociales y para preparar una recuperaci\u00f3n verde, digital y resiliente de la econom\u00eda.<\/p>\t\t\t\t\t\t\t\t<\/div>\n\t\t\t\t<\/div>\n\t\t\t\t\t<\/div>\n\t\t\t\t<\/div>\n\t\t<div class=\"elementor-element elementor-element-231d16a e-flex e-con-boxed e-con e-parent\" data-id=\"231d16a\" data-element_type=\"container\" data-e-type=\"container\">\n\t\t\t\t\t<div class=\"e-con-inner\">\n\t\t\t\t<div class=\"elementor-element elementor-element-d8df566 elementor-widget elementor-widget-image\" data-id=\"d8df566\" data-element_type=\"widget\" data-e-type=\"widget\" data-widget_type=\"image.default\">\n\t\t\t\t<div class=\"elementor-widget-container\">\n\t\t\t\t\t\t\t\t\t\t\t\t\t\t\t<img decoding=\"async\" width=\"696\" height=\"478\" src=\"https:\/\/www.iespintorjosemariafernandez.es\/wp-content\/uploads\/2023\/05\/2022-2023.-COVID.-Refuerzo.png\" class=\"attachment-large size-large wp-image-1275\" alt=\"Refuerzo COVID\" srcset=\"https:\/\/www.iespintorjosemariafernandez.es\/wp-content\/uploads\/2023\/05\/2022-2023.-COVID.-Refuerzo.png 1024w, https:\/\/www.iespintorjosemariafernandez.es\/wp-content\/uploads\/2023\/05\/2022-2023.-COVID.-Refuerzo-300x206.png 300w, https:\/\/www.iespintorjosemariafernandez.es\/wp-content\/uploads\/2023\/05\/2022-2023.-COVID.-Refuerzo-768x527.png 768w\" sizes=\"(max-width: 696px) 100vw, 696px\" \/>\t\t\t\t\t\t\t\t\t\t\t\t\t\t\t<\/div>\n\t\t\t\t<\/div>\n\t\t\t\t<div class=\"elementor-element elementor-element-0028314 elementor-widget elementor-widget-text-editor\" data-id=\"0028314\" data-element_type=\"widget\" data-e-type=\"widget\" data-widget_type=\"text-editor.default\">\n\t\t\t\t<div class=\"elementor-widget-container\">\n\t\t\t\t\t\t\t\t\t<p style=\"text-align: justify;\"><span style=\"color: #303030; font-family: Arimo, sans-serif; font-size: 15.008px; text-align: justify;\">El Plan de Acci\u00f3n en Educaci\u00f3n de la Junta de Andaluc\u00eda para el curso 2022\/2023 pretende, entre sus objetivos, dotar a los centros educativos sostenidos con fondos p\u00fablicos, que as\u00ed lo requieran, del personal docente necesario al objeto de mejorar la respuesta educativa y atender las medidas de higiene y seguridad recomendadas para contribuir a paliar los efectos producidos en los procesos de ense\u00f1anza-aprendizaje durante la pandemia. Para ello, se ha previsto la incorporaci\u00f3n en los centros docentes p\u00fablicos, con car\u00e1cter extraordinario, de profesorado de apoyo en las ense\u00f1anzas de educaci\u00f3n secundaria obligatoria con <b>cofinanciaci\u00f3n del Fondo Social Europeo<\/b>.<\/span><\/p>\t\t\t\t\t\t\t\t<\/div>\n\t\t\t\t<\/div>\n\t\t\t\t\t<\/div>\n\t\t\t\t<\/div>\n\t\t\t\t<\/div>\n\t\t","protected":false},"excerpt":{"rendered":"<p>COORDINADOR: D. Manuel M. Infante Santiago OBJETIVOS: El objetivo principal de este proyecto es garantizar un entorno seguro y saludable para los estudiantes y el personal del centro, minimizando los riesgos de contagio y asegurando la continuidad de la educaci\u00f3n presencial. En el presente curso escolar 2022\/2023 se est\u00e1n llevando a cabo en nuestro centro [&hellip;]<\/p>\n","protected":false},"author":3,"featured_media":0,"parent":47,"menu_order":0,"comment_status":"closed","ping_status":"closed","template":"","meta":{"_eb_attr":"","_mc_calendar":[],"footnotes":""},"class_list":["post-956","page","type-page","status-publish","hentry"],"yoast_head":"<!-- This site is optimized with the Yoast SEO plugin v27.0 - https:\/\/yoast.com\/product\/yoast-seo-wordpress\/ -->\n<title>COVID - IES Pintor Jos\u00e9 M\u00aa Fern\u00e1ndez<\/title>\n<meta name=\"robots\" content=\"index, follow, max-snippet:-1, max-image-preview:large, max-video-preview:-1\" \/>\n<link rel=\"canonical\" href=\"https:\/\/www.iespintorjosemariafernandez.es\/index.php\/ies-pintor-antequera\/proyectos\/pcovid\/\" \/>\n<meta property=\"og:locale\" content=\"es_ES\" \/>\n<meta property=\"og:type\" content=\"article\" \/>\n<meta property=\"og:title\" content=\"COVID - IES Pintor Jos\u00e9 M\u00aa Fern\u00e1ndez\" \/>\n<meta property=\"og:description\" content=\"COORDINADOR: D. Manuel M. Infante Santiago OBJETIVOS: El objetivo principal de este proyecto es garantizar un entorno seguro y saludable para los estudiantes y el personal del centro, minimizando los riesgos de contagio y asegurando la continuidad de la educaci\u00f3n presencial. En el presente curso escolar 2022\/2023 se est\u00e1n llevando a cabo en nuestro centro [&hellip;]\" \/>\n<meta property=\"og:url\" content=\"https:\/\/www.iespintorjosemariafernandez.es\/index.php\/ies-pintor-antequera\/proyectos\/pcovid\/\" \/>\n<meta property=\"og:site_name\" content=\"IES Pintor Jos\u00e9 M\u00aa Fern\u00e1ndez\" \/>\n<meta property=\"article:publisher\" content=\"https:\/\/www.facebook.com\/iesjosemaria.fernandez.5\" \/>\n<meta property=\"article:modified_time\" content=\"2023-05-18T11:03:08+00:00\" \/>\n<meta property=\"og:image\" content=\"https:\/\/www.iespintorjosemariafernandez.es\/wp-content\/uploads\/2023\/05\/COVID.png\" \/>\n<meta name=\"twitter:card\" content=\"summary_large_image\" \/>\n<meta name=\"twitter:site\" content=\"@JmfPintor\" \/>\n<meta name=\"twitter:label1\" content=\"Tiempo de lectura\" \/>\n\t<meta name=\"twitter:data1\" content=\"2 minutos\" \/>\n<script type=\"application\/ld+json\" class=\"yoast-schema-graph\">{\"@context\":\"https:\/\/schema.org\",\"@graph\":[{\"@type\":\"WebPage\",\"@id\":\"https:\/\/www.iespintorjosemariafernandez.es\/index.php\/ies-pintor-antequera\/proyectos\/pcovid\/\",\"url\":\"https:\/\/www.iespintorjosemariafernandez.es\/index.php\/ies-pintor-antequera\/proyectos\/pcovid\/\",\"name\":\"COVID - IES Pintor Jos\u00e9 M\u00aa Fern\u00e1ndez\",\"isPartOf\":{\"@id\":\"https:\/\/www.iespintorjosemariafernandez.es\/#website\"},\"primaryImageOfPage\":{\"@id\":\"https:\/\/www.iespintorjosemariafernandez.es\/index.php\/ies-pintor-antequera\/proyectos\/pcovid\/#primaryimage\"},\"image\":{\"@id\":\"https:\/\/www.iespintorjosemariafernandez.es\/index.php\/ies-pintor-antequera\/proyectos\/pcovid\/#primaryimage\"},\"thumbnailUrl\":\"https:\/\/www.iespintorjosemariafernandez.es\/wp-content\/uploads\/2023\/05\/COVID.png\",\"datePublished\":\"2023-05-03T12:32:27+00:00\",\"dateModified\":\"2023-05-18T11:03:08+00:00\",\"breadcrumb\":{\"@id\":\"https:\/\/www.iespintorjosemariafernandez.es\/index.php\/ies-pintor-antequera\/proyectos\/pcovid\/#breadcrumb\"},\"inLanguage\":\"es\",\"potentialAction\":[{\"@type\":\"ReadAction\",\"target\":[\"https:\/\/www.iespintorjosemariafernandez.es\/index.php\/ies-pintor-antequera\/proyectos\/pcovid\/\"]}]},{\"@type\":\"ImageObject\",\"inLanguage\":\"es\",\"@id\":\"https:\/\/www.iespintorjosemariafernandez.es\/index.php\/ies-pintor-antequera\/proyectos\/pcovid\/#primaryimage\",\"url\":\"https:\/\/www.iespintorjosemariafernandez.es\/wp-content\/uploads\/2023\/05\/COVID.png\",\"contentUrl\":\"https:\/\/www.iespintorjosemariafernandez.es\/wp-content\/uploads\/2023\/05\/COVID.png\",\"width\":400,\"height\":400,\"caption\":\"COVID\"},{\"@type\":\"BreadcrumbList\",\"@id\":\"https:\/\/www.iespintorjosemariafernandez.es\/index.php\/ies-pintor-antequera\/proyectos\/pcovid\/#breadcrumb\",\"itemListElement\":[{\"@type\":\"ListItem\",\"position\":1,\"name\":\"IES Pintor Jos\u00e9 Mar\u00eda Fern\u00e1ndez\",\"item\":\"https:\/\/www.iespintorjosemariafernandez.es\/\"},{\"@type\":\"ListItem\",\"position\":2,\"name\":\"El Centro\",\"item\":\"https:\/\/www.iespintorjosemariafernandez.es\/\"},{\"@type\":\"ListItem\",\"position\":3,\"name\":\"Planes, programas y proyectos\",\"item\":\"https:\/\/www.iespintorjosemariafernandez.es\/index.php\/ies-pintor-antequera\/proyectos\/\"},{\"@type\":\"ListItem\",\"position\":4,\"name\":\"COVID\"}]},{\"@type\":\"WebSite\",\"@id\":\"https:\/\/www.iespintorjosemariafernandez.es\/#website\",\"url\":\"https:\/\/www.iespintorjosemariafernandez.es\/\",\"name\":\"IES Pintor Jos\u00e9 M\u00aa Fern\u00e1ndez\",\"description\":\"IES Bachillerato Formaci\u00f3n Profesional en Antequera (M\u00e1laga)\",\"publisher\":{\"@id\":\"https:\/\/www.iespintorjosemariafernandez.es\/#organization\"},\"alternateName\":\"IES Pintor Antequera\",\"potentialAction\":[{\"@type\":\"SearchAction\",\"target\":{\"@type\":\"EntryPoint\",\"urlTemplate\":\"https:\/\/www.iespintorjosemariafernandez.es\/?s={search_term_string}\"},\"query-input\":{\"@type\":\"PropertyValueSpecification\",\"valueRequired\":true,\"valueName\":\"search_term_string\"}}],\"inLanguage\":\"es\"},{\"@type\":\"Organization\",\"@id\":\"https:\/\/www.iespintorjosemariafernandez.es\/#organization\",\"name\":\"IES Pintor Antequera\",\"alternateName\":\"IES Pintor\",\"url\":\"https:\/\/www.iespintorjosemariafernandez.es\/\",\"logo\":{\"@type\":\"ImageObject\",\"inLanguage\":\"es\",\"@id\":\"https:\/\/www.iespintorjosemariafernandez.es\/#\/schema\/logo\/image\/\",\"url\":\"https:\/\/www.iespintorjosemariafernandez.es\/wp-content\/uploads\/2023\/03\/logopintor_150.png\",\"contentUrl\":\"https:\/\/www.iespintorjosemariafernandez.es\/wp-content\/uploads\/2023\/03\/logopintor_150.png\",\"width\":150,\"height\":150,\"caption\":\"IES Pintor Antequera\"},\"image\":{\"@id\":\"https:\/\/www.iespintorjosemariafernandez.es\/#\/schema\/logo\/image\/\"},\"sameAs\":[\"https:\/\/www.facebook.com\/iesjosemaria.fernandez.5\",\"https:\/\/x.com\/JmfPintor\",\"https:\/\/www.instagram.com\/ies.pin\/\",\"https:\/\/www.instagram.com\/biblioiespintor\/\"]}]}<\/script>\n<!-- \/ Yoast SEO plugin. -->","yoast_head_json":{"title":"COVID - IES Pintor Jos\u00e9 M\u00aa Fern\u00e1ndez","robots":{"index":"index","follow":"follow","max-snippet":"max-snippet:-1","max-image-preview":"max-image-preview:large","max-video-preview":"max-video-preview:-1"},"canonical":"https:\/\/www.iespintorjosemariafernandez.es\/index.php\/ies-pintor-antequera\/proyectos\/pcovid\/","og_locale":"es_ES","og_type":"article","og_title":"COVID - IES Pintor Jos\u00e9 M\u00aa Fern\u00e1ndez","og_description":"COORDINADOR: D. Manuel M. Infante Santiago OBJETIVOS: El objetivo principal de este proyecto es garantizar un entorno seguro y saludable para los estudiantes y el personal del centro, minimizando los riesgos de contagio y asegurando la continuidad de la educaci\u00f3n presencial. En el presente curso escolar 2022\/2023 se est\u00e1n llevando a cabo en nuestro centro [&hellip;]","og_url":"https:\/\/www.iespintorjosemariafernandez.es\/index.php\/ies-pintor-antequera\/proyectos\/pcovid\/","og_site_name":"IES Pintor Jos\u00e9 M\u00aa Fern\u00e1ndez","article_publisher":"https:\/\/www.facebook.com\/iesjosemaria.fernandez.5","article_modified_time":"2023-05-18T11:03:08+00:00","og_image":[{"url":"https:\/\/www.iespintorjosemariafernandez.es\/wp-content\/uploads\/2023\/05\/COVID.png","type":"","width":"","height":""}],"twitter_card":"summary_large_image","twitter_site":"@JmfPintor","twitter_misc":{"Tiempo de lectura":"2 minutos"},"schema":{"@context":"https:\/\/schema.org","@graph":[{"@type":"WebPage","@id":"https:\/\/www.iespintorjosemariafernandez.es\/index.php\/ies-pintor-antequera\/proyectos\/pcovid\/","url":"https:\/\/www.iespintorjosemariafernandez.es\/index.php\/ies-pintor-antequera\/proyectos\/pcovid\/","name":"COVID - IES Pintor Jos\u00e9 M\u00aa Fern\u00e1ndez","isPartOf":{"@id":"https:\/\/www.iespintorjosemariafernandez.es\/#website"},"primaryImageOfPage":{"@id":"https:\/\/www.iespintorjosemariafernandez.es\/index.php\/ies-pintor-antequera\/proyectos\/pcovid\/#primaryimage"},"image":{"@id":"https:\/\/www.iespintorjosemariafernandez.es\/index.php\/ies-pintor-antequera\/proyectos\/pcovid\/#primaryimage"},"thumbnailUrl":"https:\/\/www.iespintorjosemariafernandez.es\/wp-content\/uploads\/2023\/05\/COVID.png","datePublished":"2023-05-03T12:32:27+00:00","dateModified":"2023-05-18T11:03:08+00:00","breadcrumb":{"@id":"https:\/\/www.iespintorjosemariafernandez.es\/index.php\/ies-pintor-antequera\/proyectos\/pcovid\/#breadcrumb"},"inLanguage":"es","potentialAction":[{"@type":"ReadAction","target":["https:\/\/www.iespintorjosemariafernandez.es\/index.php\/ies-pintor-antequera\/proyectos\/pcovid\/"]}]},{"@type":"ImageObject","inLanguage":"es","@id":"https:\/\/www.iespintorjosemariafernandez.es\/index.php\/ies-pintor-antequera\/proyectos\/pcovid\/#primaryimage","url":"https:\/\/www.iespintorjosemariafernandez.es\/wp-content\/uploads\/2023\/05\/COVID.png","contentUrl":"https:\/\/www.iespintorjosemariafernandez.es\/wp-content\/uploads\/2023\/05\/COVID.png","width":400,"height":400,"caption":"COVID"},{"@type":"BreadcrumbList","@id":"https:\/\/www.iespintorjosemariafernandez.es\/index.php\/ies-pintor-antequera\/proyectos\/pcovid\/#breadcrumb","itemListElement":[{"@type":"ListItem","position":1,"name":"IES Pintor Jos\u00e9 Mar\u00eda Fern\u00e1ndez","item":"https:\/\/www.iespintorjosemariafernandez.es\/"},{"@type":"ListItem","position":2,"name":"El Centro","item":"https:\/\/www.iespintorjosemariafernandez.es\/"},{"@type":"ListItem","position":3,"name":"Planes, programas y proyectos","item":"https:\/\/www.iespintorjosemariafernandez.es\/index.php\/ies-pintor-antequera\/proyectos\/"},{"@type":"ListItem","position":4,"name":"COVID"}]},{"@type":"WebSite","@id":"https:\/\/www.iespintorjosemariafernandez.es\/#website","url":"https:\/\/www.iespintorjosemariafernandez.es\/","name":"IES Pintor Jos\u00e9 M\u00aa Fern\u00e1ndez","description":"IES Bachillerato Formaci\u00f3n Profesional en Antequera (M\u00e1laga)","publisher":{"@id":"https:\/\/www.iespintorjosemariafernandez.es\/#organization"},"alternateName":"IES Pintor Antequera","potentialAction":[{"@type":"SearchAction","target":{"@type":"EntryPoint","urlTemplate":"https:\/\/www.iespintorjosemariafernandez.es\/?s={search_term_string}"},"query-input":{"@type":"PropertyValueSpecification","valueRequired":true,"valueName":"search_term_string"}}],"inLanguage":"es"},{"@type":"Organization","@id":"https:\/\/www.iespintorjosemariafernandez.es\/#organization","name":"IES Pintor Antequera","alternateName":"IES Pintor","url":"https:\/\/www.iespintorjosemariafernandez.es\/","logo":{"@type":"ImageObject","inLanguage":"es","@id":"https:\/\/www.iespintorjosemariafernandez.es\/#\/schema\/logo\/image\/","url":"https:\/\/www.iespintorjosemariafernandez.es\/wp-content\/uploads\/2023\/03\/logopintor_150.png","contentUrl":"https:\/\/www.iespintorjosemariafernandez.es\/wp-content\/uploads\/2023\/03\/logopintor_150.png","width":150,"height":150,"caption":"IES Pintor Antequera"},"image":{"@id":"https:\/\/www.iespintorjosemariafernandez.es\/#\/schema\/logo\/image\/"},"sameAs":["https:\/\/www.facebook.com\/iesjosemaria.fernandez.5","https:\/\/x.com\/JmfPintor","https:\/\/www.instagram.com\/ies.pin\/","https:\/\/www.instagram.com\/biblioiespintor\/"]}]}},"_links":{"self":[{"href":"https:\/\/www.iespintorjosemariafernandez.es\/index.php\/wp-json\/wp\/v2\/pages\/956","targetHints":{"allow":["GET"]}}],"collection":[{"href":"https:\/\/www.iespintorjosemariafernandez.es\/index.php\/wp-json\/wp\/v2\/pages"}],"about":[{"href":"https:\/\/www.iespintorjosemariafernandez.es\/index.php\/wp-json\/wp\/v2\/types\/page"}],"author":[{"embeddable":true,"href":"https:\/\/www.iespintorjosemariafernandez.es\/index.php\/wp-json\/wp\/v2\/users\/3"}],"replies":[{"embeddable":true,"href":"https:\/\/www.iespintorjosemariafernandez.es\/index.php\/wp-json\/wp\/v2\/comments?post=956"}],"version-history":[{"count":22,"href":"https:\/\/www.iespintorjosemariafernandez.es\/index.php\/wp-json\/wp\/v2\/pages\/956\/revisions"}],"predecessor-version":[{"id":1284,"href":"https:\/\/www.iespintorjosemariafernandez.es\/index.php\/wp-json\/wp\/v2\/pages\/956\/revisions\/1284"}],"up":[{"embeddable":true,"href":"https:\/\/www.iespintorjosemariafernandez.es\/index.php\/wp-json\/wp\/v2\/pages\/47"}],"wp:attachment":[{"href":"https:\/\/www.iespintorjosemariafernandez.es\/index.php\/wp-json\/wp\/v2\/media?parent=956"}],"curies":[{"name":"wp","href":"https:\/\/api.w.org\/{rel}","templated":true}]}}