{"id":952,"date":"2023-05-03T13:31:03","date_gmt":"2023-05-03T12:31:03","guid":{"rendered":"https:\/\/www.iespintorjosemariafernandez.es\/?page_id=952"},"modified":"2023-05-05T12:58:25","modified_gmt":"2023-05-05T11:58:25","slug":"pbecrea","status":"publish","type":"page","link":"https:\/\/www.iespintorjosemariafernandez.es\/index.php\/ies-pintor-antequera\/proyectos\/pbecrea\/","title":{"rendered":"BeCrea"},"content":{"rendered":"\t\t<div data-elementor-type=\"wp-page\" data-elementor-id=\"952\" class=\"elementor elementor-952\">\n\t\t\t\t<div class=\"elementor-element elementor-element-641838e e-flex e-con-boxed e-con e-parent\" data-id=\"641838e\" data-element_type=\"container\" data-e-type=\"container\">\n\t\t\t\t\t<div class=\"e-con-inner\">\n\t\t<div class=\"elementor-element elementor-element-991178a e-con-full e-flex e-con e-parent\" data-id=\"991178a\" data-element_type=\"container\" data-e-type=\"container\">\n\t\t\t\t<div class=\"elementor-element elementor-element-0086abf elementor-widget elementor-widget-image\" data-id=\"0086abf\" data-element_type=\"widget\" data-e-type=\"widget\" data-widget_type=\"image.default\">\n\t\t\t\t<div class=\"elementor-widget-container\">\n\t\t\t\t\t\t\t\t\t\t\t\t\t\t\t<img fetchpriority=\"high\" decoding=\"async\" width=\"400\" height=\"400\" src=\"https:\/\/www.iespintorjosemariafernandez.es\/wp-content\/uploads\/2023\/05\/BECREA.png\" class=\"attachment-large size-large wp-image-918\" alt=\"Logo BeCrea\" srcset=\"https:\/\/www.iespintorjosemariafernandez.es\/wp-content\/uploads\/2023\/05\/BECREA.png 400w, https:\/\/www.iespintorjosemariafernandez.es\/wp-content\/uploads\/2023\/05\/BECREA-300x300.png 300w, https:\/\/www.iespintorjosemariafernandez.es\/wp-content\/uploads\/2023\/05\/BECREA-150x150.png 150w\" sizes=\"(max-width: 400px) 100vw, 400px\" \/>\t\t\t\t\t\t\t\t\t\t\t\t\t\t\t<\/div>\n\t\t\t\t<\/div>\n\t\t\t\t<\/div>\n\t\t<div class=\"elementor-element elementor-element-c1c1e6b e-con-full e-flex e-con e-parent\" data-id=\"c1c1e6b\" data-element_type=\"container\" data-e-type=\"container\">\n\t\t\t\t<div class=\"elementor-element elementor-element-54a2cb2 elementor-widget elementor-widget-text-editor\" data-id=\"54a2cb2\" data-element_type=\"widget\" data-e-type=\"widget\" data-widget_type=\"text-editor.default\">\n\t\t\t\t<div class=\"elementor-widget-container\">\n\t\t\t\t\t\t\t\t\t<p><strong>COORDINADOR:<\/strong> D. Francisco de As\u00eds Maeses Hidalgo<\/p><p><strong>OBJETIVOS:<\/strong><\/p><p style=\"text-align: justify;\">El programa BECrea de la Junta de Andaluc\u00eda tambi\u00e9n incluye un enfoque en el fortalecimiento de las bibliotecas escolares como espacios para fomentar la creatividad y la innovaci\u00f3n. El programa ofrece recursos y formaci\u00f3n a los bibliotecarios escolares para que puedan promover la lectura y el aprendizaje en los estudiantes a trav\u00e9s de actividades que fomenten la creatividad y la innovaci\u00f3n. El objetivo es convertir las bibliotecas escolares en centros de recursos que estimulen la imaginaci\u00f3n y la exploraci\u00f3n de los estudiantes.<\/p>\t\t\t\t\t\t\t\t<\/div>\n\t\t\t\t<\/div>\n\t\t\t\t<\/div>\n\t\t\t\t\t<\/div>\n\t\t\t\t<\/div>\n\t\t\t\t<\/div>\n\t\t","protected":false},"excerpt":{"rendered":"<p>COORDINADOR: D. Francisco de As\u00eds Maeses Hidalgo OBJETIVOS: El programa BECrea de la Junta de Andaluc\u00eda tambi\u00e9n incluye un enfoque en el fortalecimiento de las bibliotecas escolares como espacios para fomentar la creatividad y la innovaci\u00f3n. El programa ofrece recursos y formaci\u00f3n a los bibliotecarios escolares para que puedan promover la lectura y el aprendizaje [&hellip;]<\/p>\n","protected":false},"author":3,"featured_media":0,"parent":47,"menu_order":0,"comment_status":"closed","ping_status":"closed","template":"","meta":{"_eb_attr":"","_mc_calendar":[],"footnotes":""},"class_list":["post-952","page","type-page","status-publish","hentry"],"yoast_head":"<!-- This site is optimized with the Yoast SEO plugin v27.0 - https:\/\/yoast.com\/product\/yoast-seo-wordpress\/ -->\n<title>BeCrea - IES Pintor Jos\u00e9 M\u00aa Fern\u00e1ndez<\/title>\n<meta name=\"robots\" content=\"index, follow, max-snippet:-1, max-image-preview:large, max-video-preview:-1\" \/>\n<link rel=\"canonical\" href=\"https:\/\/www.iespintorjosemariafernandez.es\/index.php\/ies-pintor-antequera\/proyectos\/pbecrea\/\" \/>\n<meta property=\"og:locale\" content=\"es_ES\" \/>\n<meta property=\"og:type\" content=\"article\" \/>\n<meta property=\"og:title\" content=\"BeCrea - IES Pintor Jos\u00e9 M\u00aa Fern\u00e1ndez\" \/>\n<meta property=\"og:description\" content=\"COORDINADOR: D. Francisco de As\u00eds Maeses Hidalgo OBJETIVOS: El programa BECrea de la Junta de Andaluc\u00eda tambi\u00e9n incluye un enfoque en el fortalecimiento de las bibliotecas escolares como espacios para fomentar la creatividad y la innovaci\u00f3n. El programa ofrece recursos y formaci\u00f3n a los bibliotecarios escolares para que puedan promover la lectura y el aprendizaje [&hellip;]\" \/>\n<meta property=\"og:url\" content=\"https:\/\/www.iespintorjosemariafernandez.es\/index.php\/ies-pintor-antequera\/proyectos\/pbecrea\/\" \/>\n<meta property=\"og:site_name\" content=\"IES Pintor Jos\u00e9 M\u00aa Fern\u00e1ndez\" \/>\n<meta property=\"article:publisher\" content=\"https:\/\/www.facebook.com\/iesjosemaria.fernandez.5\" \/>\n<meta property=\"article:modified_time\" content=\"2023-05-05T11:58:25+00:00\" \/>\n<meta property=\"og:image\" content=\"https:\/\/www.iespintorjosemariafernandez.es\/wp-content\/uploads\/2023\/05\/BECREA.png\" \/>\n<meta name=\"twitter:card\" content=\"summary_large_image\" \/>\n<meta name=\"twitter:site\" content=\"@JmfPintor\" \/>\n<meta name=\"twitter:label1\" content=\"Tiempo de lectura\" \/>\n\t<meta name=\"twitter:data1\" content=\"1 minuto\" \/>\n<script type=\"application\/ld+json\" class=\"yoast-schema-graph\">{\"@context\":\"https:\/\/schema.org\",\"@graph\":[{\"@type\":\"WebPage\",\"@id\":\"https:\/\/www.iespintorjosemariafernandez.es\/index.php\/ies-pintor-antequera\/proyectos\/pbecrea\/\",\"url\":\"https:\/\/www.iespintorjosemariafernandez.es\/index.php\/ies-pintor-antequera\/proyectos\/pbecrea\/\",\"name\":\"BeCrea - IES Pintor Jos\u00e9 M\u00aa Fern\u00e1ndez\",\"isPartOf\":{\"@id\":\"https:\/\/www.iespintorjosemariafernandez.es\/#website\"},\"primaryImageOfPage\":{\"@id\":\"https:\/\/www.iespintorjosemariafernandez.es\/index.php\/ies-pintor-antequera\/proyectos\/pbecrea\/#primaryimage\"},\"image\":{\"@id\":\"https:\/\/www.iespintorjosemariafernandez.es\/index.php\/ies-pintor-antequera\/proyectos\/pbecrea\/#primaryimage\"},\"thumbnailUrl\":\"https:\/\/www.iespintorjosemariafernandez.es\/wp-content\/uploads\/2023\/05\/BECREA.png\",\"datePublished\":\"2023-05-03T12:31:03+00:00\",\"dateModified\":\"2023-05-05T11:58:25+00:00\",\"breadcrumb\":{\"@id\":\"https:\/\/www.iespintorjosemariafernandez.es\/index.php\/ies-pintor-antequera\/proyectos\/pbecrea\/#breadcrumb\"},\"inLanguage\":\"es\",\"potentialAction\":[{\"@type\":\"ReadAction\",\"target\":[\"https:\/\/www.iespintorjosemariafernandez.es\/index.php\/ies-pintor-antequera\/proyectos\/pbecrea\/\"]}]},{\"@type\":\"ImageObject\",\"inLanguage\":\"es\",\"@id\":\"https:\/\/www.iespintorjosemariafernandez.es\/index.php\/ies-pintor-antequera\/proyectos\/pbecrea\/#primaryimage\",\"url\":\"https:\/\/www.iespintorjosemariafernandez.es\/wp-content\/uploads\/2023\/05\/BECREA.png\",\"contentUrl\":\"https:\/\/www.iespintorjosemariafernandez.es\/wp-content\/uploads\/2023\/05\/BECREA.png\",\"width\":400,\"height\":400,\"caption\":\"Bibliotecas Escolares\"},{\"@type\":\"BreadcrumbList\",\"@id\":\"https:\/\/www.iespintorjosemariafernandez.es\/index.php\/ies-pintor-antequera\/proyectos\/pbecrea\/#breadcrumb\",\"itemListElement\":[{\"@type\":\"ListItem\",\"position\":1,\"name\":\"IES Pintor Jos\u00e9 Mar\u00eda Fern\u00e1ndez\",\"item\":\"https:\/\/www.iespintorjosemariafernandez.es\/\"},{\"@type\":\"ListItem\",\"position\":2,\"name\":\"El Centro\",\"item\":\"https:\/\/www.iespintorjosemariafernandez.es\/\"},{\"@type\":\"ListItem\",\"position\":3,\"name\":\"Planes, programas y proyectos\",\"item\":\"https:\/\/www.iespintorjosemariafernandez.es\/index.php\/ies-pintor-antequera\/proyectos\/\"},{\"@type\":\"ListItem\",\"position\":4,\"name\":\"BeCrea\"}]},{\"@type\":\"WebSite\",\"@id\":\"https:\/\/www.iespintorjosemariafernandez.es\/#website\",\"url\":\"https:\/\/www.iespintorjosemariafernandez.es\/\",\"name\":\"IES Pintor Jos\u00e9 M\u00aa Fern\u00e1ndez\",\"description\":\"IES Bachillerato Formaci\u00f3n Profesional en Antequera (M\u00e1laga)\",\"publisher\":{\"@id\":\"https:\/\/www.iespintorjosemariafernandez.es\/#organization\"},\"alternateName\":\"IES Pintor Antequera\",\"potentialAction\":[{\"@type\":\"SearchAction\",\"target\":{\"@type\":\"EntryPoint\",\"urlTemplate\":\"https:\/\/www.iespintorjosemariafernandez.es\/?s={search_term_string}\"},\"query-input\":{\"@type\":\"PropertyValueSpecification\",\"valueRequired\":true,\"valueName\":\"search_term_string\"}}],\"inLanguage\":\"es\"},{\"@type\":\"Organization\",\"@id\":\"https:\/\/www.iespintorjosemariafernandez.es\/#organization\",\"name\":\"IES Pintor Antequera\",\"alternateName\":\"IES Pintor\",\"url\":\"https:\/\/www.iespintorjosemariafernandez.es\/\",\"logo\":{\"@type\":\"ImageObject\",\"inLanguage\":\"es\",\"@id\":\"https:\/\/www.iespintorjosemariafernandez.es\/#\/schema\/logo\/image\/\",\"url\":\"https:\/\/www.iespintorjosemariafernandez.es\/wp-content\/uploads\/2023\/03\/logopintor_150.png\",\"contentUrl\":\"https:\/\/www.iespintorjosemariafernandez.es\/wp-content\/uploads\/2023\/03\/logopintor_150.png\",\"width\":150,\"height\":150,\"caption\":\"IES Pintor Antequera\"},\"image\":{\"@id\":\"https:\/\/www.iespintorjosemariafernandez.es\/#\/schema\/logo\/image\/\"},\"sameAs\":[\"https:\/\/www.facebook.com\/iesjosemaria.fernandez.5\",\"https:\/\/x.com\/JmfPintor\",\"https:\/\/www.instagram.com\/ies.pin\/\",\"https:\/\/www.instagram.com\/biblioiespintor\/\"]}]}<\/script>\n<!-- \/ Yoast SEO plugin. -->","yoast_head_json":{"title":"BeCrea - IES Pintor Jos\u00e9 M\u00aa Fern\u00e1ndez","robots":{"index":"index","follow":"follow","max-snippet":"max-snippet:-1","max-image-preview":"max-image-preview:large","max-video-preview":"max-video-preview:-1"},"canonical":"https:\/\/www.iespintorjosemariafernandez.es\/index.php\/ies-pintor-antequera\/proyectos\/pbecrea\/","og_locale":"es_ES","og_type":"article","og_title":"BeCrea - IES Pintor Jos\u00e9 M\u00aa Fern\u00e1ndez","og_description":"COORDINADOR: D. Francisco de As\u00eds Maeses Hidalgo OBJETIVOS: El programa BECrea de la Junta de Andaluc\u00eda tambi\u00e9n incluye un enfoque en el fortalecimiento de las bibliotecas escolares como espacios para fomentar la creatividad y la innovaci\u00f3n. El programa ofrece recursos y formaci\u00f3n a los bibliotecarios escolares para que puedan promover la lectura y el aprendizaje [&hellip;]","og_url":"https:\/\/www.iespintorjosemariafernandez.es\/index.php\/ies-pintor-antequera\/proyectos\/pbecrea\/","og_site_name":"IES Pintor Jos\u00e9 M\u00aa Fern\u00e1ndez","article_publisher":"https:\/\/www.facebook.com\/iesjosemaria.fernandez.5","article_modified_time":"2023-05-05T11:58:25+00:00","og_image":[{"url":"https:\/\/www.iespintorjosemariafernandez.es\/wp-content\/uploads\/2023\/05\/BECREA.png","type":"","width":"","height":""}],"twitter_card":"summary_large_image","twitter_site":"@JmfPintor","twitter_misc":{"Tiempo de lectura":"1 minuto"},"schema":{"@context":"https:\/\/schema.org","@graph":[{"@type":"WebPage","@id":"https:\/\/www.iespintorjosemariafernandez.es\/index.php\/ies-pintor-antequera\/proyectos\/pbecrea\/","url":"https:\/\/www.iespintorjosemariafernandez.es\/index.php\/ies-pintor-antequera\/proyectos\/pbecrea\/","name":"BeCrea - IES Pintor Jos\u00e9 M\u00aa Fern\u00e1ndez","isPartOf":{"@id":"https:\/\/www.iespintorjosemariafernandez.es\/#website"},"primaryImageOfPage":{"@id":"https:\/\/www.iespintorjosemariafernandez.es\/index.php\/ies-pintor-antequera\/proyectos\/pbecrea\/#primaryimage"},"image":{"@id":"https:\/\/www.iespintorjosemariafernandez.es\/index.php\/ies-pintor-antequera\/proyectos\/pbecrea\/#primaryimage"},"thumbnailUrl":"https:\/\/www.iespintorjosemariafernandez.es\/wp-content\/uploads\/2023\/05\/BECREA.png","datePublished":"2023-05-03T12:31:03+00:00","dateModified":"2023-05-05T11:58:25+00:00","breadcrumb":{"@id":"https:\/\/www.iespintorjosemariafernandez.es\/index.php\/ies-pintor-antequera\/proyectos\/pbecrea\/#breadcrumb"},"inLanguage":"es","potentialAction":[{"@type":"ReadAction","target":["https:\/\/www.iespintorjosemariafernandez.es\/index.php\/ies-pintor-antequera\/proyectos\/pbecrea\/"]}]},{"@type":"ImageObject","inLanguage":"es","@id":"https:\/\/www.iespintorjosemariafernandez.es\/index.php\/ies-pintor-antequera\/proyectos\/pbecrea\/#primaryimage","url":"https:\/\/www.iespintorjosemariafernandez.es\/wp-content\/uploads\/2023\/05\/BECREA.png","contentUrl":"https:\/\/www.iespintorjosemariafernandez.es\/wp-content\/uploads\/2023\/05\/BECREA.png","width":400,"height":400,"caption":"Bibliotecas Escolares"},{"@type":"BreadcrumbList","@id":"https:\/\/www.iespintorjosemariafernandez.es\/index.php\/ies-pintor-antequera\/proyectos\/pbecrea\/#breadcrumb","itemListElement":[{"@type":"ListItem","position":1,"name":"IES Pintor Jos\u00e9 Mar\u00eda Fern\u00e1ndez","item":"https:\/\/www.iespintorjosemariafernandez.es\/"},{"@type":"ListItem","position":2,"name":"El Centro","item":"https:\/\/www.iespintorjosemariafernandez.es\/"},{"@type":"ListItem","position":3,"name":"Planes, programas y proyectos","item":"https:\/\/www.iespintorjosemariafernandez.es\/index.php\/ies-pintor-antequera\/proyectos\/"},{"@type":"ListItem","position":4,"name":"BeCrea"}]},{"@type":"WebSite","@id":"https:\/\/www.iespintorjosemariafernandez.es\/#website","url":"https:\/\/www.iespintorjosemariafernandez.es\/","name":"IES Pintor Jos\u00e9 M\u00aa Fern\u00e1ndez","description":"IES Bachillerato Formaci\u00f3n Profesional en Antequera (M\u00e1laga)","publisher":{"@id":"https:\/\/www.iespintorjosemariafernandez.es\/#organization"},"alternateName":"IES Pintor Antequera","potentialAction":[{"@type":"SearchAction","target":{"@type":"EntryPoint","urlTemplate":"https:\/\/www.iespintorjosemariafernandez.es\/?s={search_term_string}"},"query-input":{"@type":"PropertyValueSpecification","valueRequired":true,"valueName":"search_term_string"}}],"inLanguage":"es"},{"@type":"Organization","@id":"https:\/\/www.iespintorjosemariafernandez.es\/#organization","name":"IES Pintor Antequera","alternateName":"IES Pintor","url":"https:\/\/www.iespintorjosemariafernandez.es\/","logo":{"@type":"ImageObject","inLanguage":"es","@id":"https:\/\/www.iespintorjosemariafernandez.es\/#\/schema\/logo\/image\/","url":"https:\/\/www.iespintorjosemariafernandez.es\/wp-content\/uploads\/2023\/03\/logopintor_150.png","contentUrl":"https:\/\/www.iespintorjosemariafernandez.es\/wp-content\/uploads\/2023\/03\/logopintor_150.png","width":150,"height":150,"caption":"IES Pintor Antequera"},"image":{"@id":"https:\/\/www.iespintorjosemariafernandez.es\/#\/schema\/logo\/image\/"},"sameAs":["https:\/\/www.facebook.com\/iesjosemaria.fernandez.5","https:\/\/x.com\/JmfPintor","https:\/\/www.instagram.com\/ies.pin\/","https:\/\/www.instagram.com\/biblioiespintor\/"]}]}},"_links":{"self":[{"href":"https:\/\/www.iespintorjosemariafernandez.es\/index.php\/wp-json\/wp\/v2\/pages\/952","targetHints":{"allow":["GET"]}}],"collection":[{"href":"https:\/\/www.iespintorjosemariafernandez.es\/index.php\/wp-json\/wp\/v2\/pages"}],"about":[{"href":"https:\/\/www.iespintorjosemariafernandez.es\/index.php\/wp-json\/wp\/v2\/types\/page"}],"author":[{"embeddable":true,"href":"https:\/\/www.iespintorjosemariafernandez.es\/index.php\/wp-json\/wp\/v2\/users\/3"}],"replies":[{"embeddable":true,"href":"https:\/\/www.iespintorjosemariafernandez.es\/index.php\/wp-json\/wp\/v2\/comments?post=952"}],"version-history":[{"count":4,"href":"https:\/\/www.iespintorjosemariafernandez.es\/index.php\/wp-json\/wp\/v2\/pages\/952\/revisions"}],"predecessor-version":[{"id":991,"href":"https:\/\/www.iespintorjosemariafernandez.es\/index.php\/wp-json\/wp\/v2\/pages\/952\/revisions\/991"}],"up":[{"embeddable":true,"href":"https:\/\/www.iespintorjosemariafernandez.es\/index.php\/wp-json\/wp\/v2\/pages\/47"}],"wp:attachment":[{"href":"https:\/\/www.iespintorjosemariafernandez.es\/index.php\/wp-json\/wp\/v2\/media?parent=952"}],"curies":[{"name":"wp","href":"https:\/\/api.w.org\/{rel}","templated":true}]}}