{"id":2758,"date":"2025-11-19T12:29:49","date_gmt":"2025-11-19T10:29:49","guid":{"rendered":"https:\/\/www.iespintorjosemariafernandez.es\/?page_id=2758"},"modified":"2025-11-24T12:20:44","modified_gmt":"2025-11-24T10:20:44","slug":"departamentos-y-programaciones","status":"publish","type":"page","link":"https:\/\/www.iespintorjosemariafernandez.es\/index.php\/ies-pintor-antequera\/departamentos-y-programaciones\/","title":{"rendered":"Departamentos y programaciones"},"content":{"rendered":"\t\t<div data-elementor-type=\"wp-page\" data-elementor-id=\"2758\" class=\"elementor elementor-2758\">\n\t\t\t\t\t\t<section class=\"elementor-section elementor-top-section elementor-element elementor-element-c3e40fa elementor-section-boxed elementor-section-height-default elementor-section-height-default\" data-id=\"c3e40fa\" data-element_type=\"section\" data-e-type=\"section\">\n\t\t\t\t\t\t<div class=\"elementor-container elementor-column-gap-default\">\n\t\t\t\t\t<div class=\"elementor-column elementor-col-100 elementor-top-column elementor-element elementor-element-4cfcfad\" data-id=\"4cfcfad\" data-element_type=\"column\" data-e-type=\"column\">\n\t\t\t<div class=\"elementor-widget-wrap elementor-element-populated\">\n\t\t\t\t\t\t<div class=\"elementor-element elementor-element-1d61c6e elementor-widget elementor-widget-heading\" data-id=\"1d61c6e\" data-element_type=\"widget\" data-e-type=\"widget\" data-widget_type=\"heading.default\">\n\t\t\t\t<div class=\"elementor-widget-container\">\n\t\t\t\t\t<h3 class=\"elementor-heading-title elementor-size-default\">\u00c1rea Social y Ling\u00fc\u00edstica<\/h3>\t\t\t\t<\/div>\n\t\t\t\t<\/div>\n\t\t\t\t\t<\/div>\n\t\t<\/div>\n\t\t\t\t\t<\/div>\n\t\t<\/section>\n\t\t<div class=\"elementor-element elementor-element-8fedf00 e-flex e-con-boxed e-con e-parent\" data-id=\"8fedf00\" data-element_type=\"container\" data-e-type=\"container\">\n\t\t\t\t\t<div class=\"e-con-inner\">\n\t\t\t\t<div class=\"elementor-element elementor-element-52b2e9c elementor-widget__width-initial elementor-widget elementor-widget-eael-adv-tabs\" data-id=\"52b2e9c\" data-element_type=\"widget\" data-e-type=\"widget\" data-widget_type=\"eael-adv-tabs.default\">\n\t\t\t\t<div class=\"elementor-widget-container\">\n\t\t\t\t\t        <div data-scroll-on-click=\"no\" data-scroll-speed=\"300\" id=\"eael-advance-tabs-52b2e9c\" class=\"eael-advance-tabs eael-tabs-horizontal eael-tab-auto-active \" data-tabid=\"52b2e9c\">\n            <div class=\"eael-tabs-nav \">\n                <ul class=\"\" role=\"tablist\">\n                                            <li id=\"filosofa-y-religin\" class=\"inactive eael-tab-item-trigger eael-tab-nav-item\" aria-selected=\"true\" data-tab=\"1\" role=\"tab\" tabindex=\"0\" aria-controls=\"filosofa-y-religin-tab\" aria-expanded=\"false\">\n                            \n                            \n                            \n                                                            <span class=\"eael-tab-title title-after-icon\" >Filosof\u00eda y Religi\u00f3n<\/span>                                                    <\/li>\n                                            <li id=\"francs\" class=\"inactive eael-tab-item-trigger eael-tab-nav-item\" aria-selected=\"false\" data-tab=\"2\" role=\"tab\" tabindex=\"-1\" aria-controls=\"francs-tab\" aria-expanded=\"false\">\n                            \n                            \n                            \n                                                            <span class=\"eael-tab-title title-after-icon\" >Franc\u00e9s<\/span>                                                    <\/li>\n                                            <li id=\"geografa-e-historia\" class=\"inactive eael-tab-item-trigger eael-tab-nav-item\" aria-selected=\"false\" data-tab=\"3\" role=\"tab\" tabindex=\"-1\" aria-controls=\"geografa-e-historia-tab\" aria-expanded=\"false\">\n                            \n                            \n                            \n                                                            <span class=\"eael-tab-title title-after-icon\" >Geograf\u00eda e Historia<\/span>                                                    <\/li>\n                                            <li id=\"ingls\" class=\"inactive eael-tab-item-trigger eael-tab-nav-item\" aria-selected=\"false\" data-tab=\"4\" role=\"tab\" tabindex=\"-1\" aria-controls=\"ingls-tab\" aria-expanded=\"false\">\n                            \n                            \n                            \n                                                            <span class=\"eael-tab-title title-after-icon\" >Ingl\u00e9s<\/span>                                                    <\/li>\n                                            <li id=\"latn-y-griego\" class=\"inactive eael-tab-item-trigger eael-tab-nav-item\" aria-selected=\"false\" data-tab=\"5\" role=\"tab\" tabindex=\"-1\" aria-controls=\"latn-y-griego-tab\" aria-expanded=\"false\">\n                            \n                            \n                            \n                                                            <span class=\"eael-tab-title title-after-icon\" >Lat\u00edn y Griego<\/span>                                                    <\/li>\n                                            <li id=\"lengua-y-literatura\" class=\"inactive eael-tab-item-trigger eael-tab-nav-item\" aria-selected=\"false\" data-tab=\"6\" role=\"tab\" tabindex=\"-1\" aria-controls=\"lengua-y-literatura-tab\" aria-expanded=\"false\">\n                            \n                            \n                            \n                                                            <span class=\"eael-tab-title title-after-icon\" >Lengua y Literatura<\/span>                                                    <\/li>\n                    \n                                       <div class=\"eael-tabs-glassey-svg\">\n                        <svg style=\"display: none\">\n                           <filter id=\"switcher\" x=\"0\" y=\"0\" width=\"100%\" height=\"100%\" filterUnits=\"objectBoundingBox\">\n                              <feTurbulence type=\"fractalNoise\" baseFrequency=\"0.003 0.007\" numOctaves=\"1\" result=\"turbulence\" \/>\n                              <feDisplacementMap in=\"SourceGraphic\" in2=\"turbulence\" scale=\"200\" xChannelSelector=\"R\" yChannelSelector=\"G\" \/>\n                           <\/filter>\n                        <\/svg>\n                     <\/div>\n                                     <\/ul>\n            <\/div>\n            \n            <div class=\"eael-tabs-content\">\n\t\t        \n                    <div id=\"filosofa-y-religin-tab\" class=\"clearfix eael-tab-content-item inactive\" data-title-link=\"filosofa-y-religin-tab\">\n\t\t\t\t        <h3>Profesorado de Filosof\u00eda:<\/h3><ul><li><strong>D\u00f1a. Marta Mart\u00ednez Mart\u00ednez <span style=\"color: #008000\">(Jefa de Departamento)<\/span><\/strong><\/li><li>D. Antonio Reyes Burgos<\/li><\/ul><h3>Profesorado de Religi\u00f3n:<\/h3><ul><li>D. Jos\u00e9 Antonio Narbona Galindo<\/li><\/ul><h4>\u00a0<\/h4><h4><a href=\"https:\/\/drive.google.com\/open?id=1XCH6eRBU5xdnX2TncAM1bvhd7_pMu7Ho&amp;usp=drive_fs\">Programaciones\u00a0 departamento<\/a><\/h4>                    <\/div>\n\t\t        \n                    <div id=\"francs-tab\" class=\"clearfix eael-tab-content-item inactive\" data-title-link=\"francs-tab\">\n\t\t\t\t        <h3>Profesorado de Franc\u00e9s:<\/h3><ul><li><strong>D\u00f1a. Mar\u00eda Luisa Romero Fern\u00e1ndez <span style=\"color: #008000\">(Jefa de Departamento)<\/span><\/strong><\/li><\/ul><h4>\u00a0<\/h4><h4>Programaciones ESO: <span style=\"color: #3366ff\"><a style=\"color: #3366ff\" href=\"https:\/\/drive.google.com\/file\/d\/1wOUF5Bf1Sw-AR1VsfhCnh7lBQPzOSSCH\/view?usp=sharing\" target=\"_blank\" rel=\"noopener\">Franc\u00e9s<\/a>\u00a0<\/span><\/h4><h4>Programaciones Bachillerato: <span style=\"color: #3366ff\">\u00a0<\/span><span style=\"color: #3366ff\"><a style=\"color: #3366ff\" href=\"https:\/\/drive.google.com\/file\/d\/1fo6aizAk7yRHW5MUdC3m6ETahHjSGjWX\/view?usp=sharing\" target=\"_blank\" rel=\"noopener\">Franc\u00e9s<\/a><\/span><\/h4>                    <\/div>\n\t\t        \n                    <div id=\"geografa-e-historia-tab\" class=\"clearfix eael-tab-content-item inactive\" data-title-link=\"geografa-e-historia-tab\">\n\t\t\t\t        <h3>Profesorado de Geograf\u00eda e Historia:<\/h3><ul><li>D\u00f1a. Virginia Claros Pino<\/li><li>D. Pedro Miguel Salazar Santiago<\/li><li><strong>D\u00f1a. Sofia Mar\u00eda Raya Garc\u00eda <span style=\"color: #008000\">(Jefa de Departamento)<\/span><\/strong><\/li><li>D. Juan P\u00e9rez Rosas<\/li><\/ul><h4><a href=\"https:\/\/drive.google.com\/open?id=1wwRP-Y5hU973ULgzbosGbqfyqbmlJgRX&amp;usp=drive_fs\">Programaciones departamento<\/a><\/h4>                    <\/div>\n\t\t        \n                    <div id=\"ingls-tab\" class=\"clearfix eael-tab-content-item inactive\" data-title-link=\"ingls-tab\">\n\t\t\t\t        <h3>Profesorado de Ingl\u00e9s:<\/h3><ul><li>\u00a0<\/li><li>D\u00f1a. Mar\u00eda Mercedes Navarro Rodr\u00edguez<\/li><li><strong>D\u00f1a. Mar\u00eda Trinidad Ortigosa Maldonado <span style=\"color: #008000\">(Jefa de Departamento y Coordinadora de \u00c1rea Social y Ling\u00fc\u00edstica)<\/span><\/strong><\/li><li>D\u00f1a. Aurora Perdigones Hidalgo<\/li><li>D\u00f1a. Tatiana S\u00e1nchez Ruiz<\/li><li>D\u00f1a. Inmaculada De la Torre Guzm\u00e1n<\/li><li>D\u00f1a. Teresa de la Cruz Zurita B\u00e1ez<\/li><\/ul><h4>\u00a0<\/h4><h4><a href=\"https:\/\/drive.google.com\/open?id=1Di67rBBXxWpvhVOpkeHxkEGAYd0fgCcG&amp;usp=drive_fs\">Programaciones departamento<\/a><\/h4>                    <\/div>\n\t\t        \n                    <div id=\"latn-y-griego-tab\" class=\"clearfix eael-tab-content-item inactive\" data-title-link=\"latn-y-griego-tab\">\n\t\t\t\t        <h3>Profesorado de Lat\u00edn<\/h3><ul><li>D. Manuel M. Infante Santiago<\/li><\/ul><h3>Profesorado de Griego:<\/h3><ul><li><strong>D. Francisco de As\u00eds Maeses Hidalgo <span style=\"color: #008000\">(Jefe de Departamento)<\/span><\/strong><\/li><\/ul><h4><a href=\"https:\/\/drive.google.com\/open?id=1k381Yx-0pPVBx7sCiL2fBu59npLY3qlH&amp;usp=drive_fs\"><span style=\"color: #3366ff\"><span style=\"color: #000000\">Programaciones lat\u00edn<\/span><\/span><\/a><\/h4><h4><a href=\"https:\/\/drive.google.com\/open?id=1zOrwKhGDUh-X-nci1TUEtNySEXbAcLim&amp;usp=drive_fs\"><span style=\"color: #3366ff\"><span style=\"color: #000000\">Programaciones g<\/span><\/span>riego<\/a><\/h4>                    <\/div>\n\t\t        \n                    <div id=\"lengua-y-literatura-tab\" class=\"clearfix eael-tab-content-item inactive\" data-title-link=\"lengua-y-literatura-tab\">\n\t\t\t\t        <h3>Profesorado de Lengua y Literatura:<\/h3><ul><li>D\u00f1a. Erenia Josefina Estero Casta\u00f1o<\/li><li>D\u00f1a. Isabel O\u00f1ate Campos<\/li><li><strong>D\u00f1a. Rosario Ruiz P\u00e9rez <span style=\"color: #008000\">(Jefa de Departamento)<\/span><\/strong><\/li><li>D. David P\u00e9rez Medina<\/li><\/ul><h4><a href=\"https:\/\/drive.google.com\/open?id=1GO110Z0l2HCfYtsXBWCs5y2eR_ykX0cm&amp;usp=drive_fs\">Programaciones departamento<\/a><\/h4>                    <\/div>\n\t\t                    <\/div>\n        <\/div>\n\t\t\t\t<\/div>\n\t\t\t\t<\/div>\n\t\t\t\t\t<\/div>\n\t\t\t\t<\/div>\n\t\t<div class=\"elementor-element elementor-element-e4b7bf6 e-flex e-con-boxed e-con e-parent\" data-id=\"e4b7bf6\" data-element_type=\"container\" data-e-type=\"container\">\n\t\t\t\t\t<div class=\"e-con-inner\">\n\t\t\t\t<div class=\"elementor-element elementor-element-202f854 elementor-widget elementor-widget-spacer\" data-id=\"202f854\" data-element_type=\"widget\" data-e-type=\"widget\" data-widget_type=\"spacer.default\">\n\t\t\t\t<div class=\"elementor-widget-container\">\n\t\t\t\t\t\t\t<div class=\"elementor-spacer\">\n\t\t\t<div class=\"elementor-spacer-inner\"><\/div>\n\t\t<\/div>\n\t\t\t\t\t\t<\/div>\n\t\t\t\t<\/div>\n\t\t\t\t\t<\/div>\n\t\t\t\t<\/div>\n\t\t\t\t<section class=\"elementor-section elementor-top-section elementor-element elementor-element-6a63c88 elementor-section-boxed elementor-section-height-default elementor-section-height-default\" data-id=\"6a63c88\" data-element_type=\"section\" data-e-type=\"section\">\n\t\t\t\t\t\t<div class=\"elementor-container elementor-column-gap-default\">\n\t\t\t\t\t<div class=\"elementor-column elementor-col-100 elementor-top-column elementor-element elementor-element-895a849\" data-id=\"895a849\" data-element_type=\"column\" data-e-type=\"column\">\n\t\t\t<div class=\"elementor-widget-wrap elementor-element-populated\">\n\t\t\t\t\t\t<div class=\"elementor-element elementor-element-11db135 elementor-widget elementor-widget-heading\" data-id=\"11db135\" data-element_type=\"widget\" data-e-type=\"widget\" data-widget_type=\"heading.default\">\n\t\t\t\t<div class=\"elementor-widget-container\">\n\t\t\t\t\t<h3 class=\"elementor-heading-title elementor-size-default\">\u00c1rea Cient\u00edfica y Tecnol\u00f3gica<\/h3>\t\t\t\t<\/div>\n\t\t\t\t<\/div>\n\t\t\t\t\t<\/div>\n\t\t<\/div>\n\t\t\t\t\t<\/div>\n\t\t<\/section>\n\t\t<div class=\"elementor-element elementor-element-c3f247b e-flex e-con-boxed e-con e-parent\" data-id=\"c3f247b\" data-element_type=\"container\" data-e-type=\"container\">\n\t\t\t\t\t<div class=\"e-con-inner\">\n\t\t\t\t<div class=\"elementor-element elementor-element-20307dc elementor-widget elementor-widget-eael-adv-tabs\" data-id=\"20307dc\" data-element_type=\"widget\" data-e-type=\"widget\" data-widget_type=\"eael-adv-tabs.default\">\n\t\t\t\t<div class=\"elementor-widget-container\">\n\t\t\t\t\t        <div data-scroll-on-click=\"no\" data-scroll-speed=\"300\" id=\"eael-advance-tabs-20307dc\" class=\"eael-advance-tabs eael-tabs-horizontal eael-tab-auto-active \" data-tabid=\"20307dc\">\n            <div class=\"eael-tabs-nav \">\n                <ul class=\"\" role=\"tablist\">\n                                            <li id=\"biologa-y-geologa\" class=\"inactive eael-tab-item-trigger eael-tab-nav-item\" aria-selected=\"true\" data-tab=\"1\" role=\"tab\" tabindex=\"0\" aria-controls=\"biologa-y-geologa-tab\" aria-expanded=\"false\">\n                            \n                            \n                            \n                                                            <span class=\"eael-tab-title title-after-icon\" >Biolog\u00eda y Geolog\u00eda<\/span>                                                    <\/li>\n                                            <li id=\"fsica-y-qumica\" class=\"inactive eael-tab-item-trigger eael-tab-nav-item\" aria-selected=\"false\" data-tab=\"2\" role=\"tab\" tabindex=\"-1\" aria-controls=\"fsica-y-qumica-tab\" aria-expanded=\"false\">\n                            \n                            \n                            \n                                                            <span class=\"eael-tab-title title-after-icon\" >F\u00edsica y Qu\u00edmica<\/span>                                                    <\/li>\n                                            <li id=\"matemticas\" class=\"inactive eael-tab-item-trigger eael-tab-nav-item\" aria-selected=\"false\" data-tab=\"3\" role=\"tab\" tabindex=\"-1\" aria-controls=\"matemticas-tab\" aria-expanded=\"false\">\n                            \n                            \n                            \n                                                            <span class=\"eael-tab-title title-after-icon\" >Matem\u00e1ticas<\/span>                                                    <\/li>\n                                            <li id=\"tecnologa-e-informtica\" class=\"inactive eael-tab-item-trigger eael-tab-nav-item\" aria-selected=\"false\" data-tab=\"4\" role=\"tab\" tabindex=\"-1\" aria-controls=\"tecnologa-e-informtica-tab\" aria-expanded=\"false\">\n                            \n                            \n                            \n                                                            <span class=\"eael-tab-title title-after-icon\" >Tecnolog\u00eda e Inform\u00e1tica<\/span>                                                    <\/li>\n                                            <li id=\"economa-y-fol\" class=\"inactive eael-tab-item-trigger eael-tab-nav-item\" aria-selected=\"false\" data-tab=\"5\" role=\"tab\" tabindex=\"-1\" aria-controls=\"economa-y-fol-tab\" aria-expanded=\"false\">\n                            \n                            \n                            \n                                                            <span class=\"eael-tab-title title-after-icon\" >Econom\u00eda y FOL<\/span>                                                    <\/li>\n                    \n                                       <div class=\"eael-tabs-glassey-svg\">\n                        <svg style=\"display: none\">\n                           <filter id=\"switcher\" x=\"0\" y=\"0\" width=\"100%\" height=\"100%\" filterUnits=\"objectBoundingBox\">\n                              <feTurbulence type=\"fractalNoise\" baseFrequency=\"0.003 0.007\" numOctaves=\"1\" result=\"turbulence\" \/>\n                              <feDisplacementMap in=\"SourceGraphic\" in2=\"turbulence\" scale=\"200\" xChannelSelector=\"R\" yChannelSelector=\"G\" \/>\n                           <\/filter>\n                        <\/svg>\n                     <\/div>\n                                     <\/ul>\n            <\/div>\n            \n            <div class=\"eael-tabs-content\">\n\t\t        \n                    <div id=\"biologa-y-geologa-tab\" class=\"clearfix eael-tab-content-item inactive\" data-title-link=\"biologa-y-geologa-tab\">\n\t\t\t\t        <h3>Profesorado de Biolog\u00eda y Geolog\u00eda:<\/h3><ul><li>D\u00f1a. Paula L\u00f3pez Postigo<\/li><li><strong>Jes\u00fas Adolfo S\u00e1nchez Alonso<\/strong> <strong><span style=\"color: #008000\">(Jefe de Departamento)<\/span><\/strong><\/li><\/ul><h4><a href=\"https:\/\/drive.google.com\/open?id=1dR8n_U15BbnTeg0QaxH9XvQDIX3XO8Dd&amp;usp=drive_fs\">Programaciones departamento<\/a><\/h4>                    <\/div>\n\t\t        \n                    <div id=\"fsica-y-qumica-tab\" class=\"clearfix eael-tab-content-item inactive\" data-title-link=\"fsica-y-qumica-tab\">\n\t\t\t\t        <h3>Profesorado de F\u00edsica y Qu\u00edmica:<\/h3><ul><li><strong>D\u00f1a. Pilar Mar\u00eda Alarc\u00f3n Morente\u00a0<span style=\"color: #008000\">(Jefe de Departamento)<\/span><\/strong><\/li><li>D. Francisco Jos\u00e9 Puntas Delgado<\/li><\/ul><h4>Programaciones departamento<\/h4>                    <\/div>\n\t\t        \n                    <div id=\"matemticas-tab\" class=\"clearfix eael-tab-content-item inactive\" data-title-link=\"matemticas-tab\">\n\t\t\t\t        <h3>Profesorado de Matem\u00e1ticas:<\/h3><ul><li><strong>D\u00f1a. Mar\u00eda Soledad Cabrera Cruces <span style=\"color: #008000\">(Jefe\u00a0 de Departamento y Coordinador de \u00c1rea Cient\u00edfica y Tecnol\u00f3gica)<\/span><\/strong><\/li><li>D. Jos\u00e9 Delboy Cabello<\/li><li>D. Miguel \u00c1ngel L\u00f3pez \u00c1lvarez<\/li><li>D\u00f1a. Mar\u00eda Gala L\u00f3pez Aracil<\/li><li>D\u00f1a. Carmen Lourdes Sanzo Fern\u00e1ndez<\/li><li>D. Javier Leopoldo Sillero L\u00f3pez<\/li><li>D. Antonio Javier Soto Prados<\/li><\/ul><h4>\u00a0<\/h4><h4><a href=\"https:\/\/drive.google.com\/open?id=1F9ZfBdAc1GFYVgbRhDnSMWvOgkPoJQcF&amp;usp=drive_fs\">Programaciones departamento<\/a><\/h4>                    <\/div>\n\t\t        \n                    <div id=\"tecnologa-e-informtica-tab\" class=\"clearfix eael-tab-content-item inactive\" data-title-link=\"tecnologa-e-informtica-tab\">\n\t\t\t\t        <h3>Profesorado de Tecnolog\u00eda:<\/h3><ul><li><strong>D. Jos\u00e9 Manuel Exp\u00f3sito Escobar <span style=\"color: #008000\">(Jefe de Departamento<\/span><\/strong><\/li><\/ul><h3>Profesorado de Inform\u00e1tica:<\/h3><ul><li><strong>D. Jos\u00e9 Virgilio Mata Casado (<span style=\"color: #008000\">Coordinador TDE)<\/span><\/strong><\/li><li>D\u00f1a. Francisco Javier Sampalo Vegas<\/li><\/ul><h4>Programaciones departamento<\/h4>                    <\/div>\n\t\t        \n                    <div id=\"economa-y-fol-tab\" class=\"clearfix eael-tab-content-item inactive\" data-title-link=\"economa-y-fol-tab\">\n\t\t\t\t        <h3>Profesorado de Econom\u00eda:<\/h3><ul><li><strong>D\u00f1a. Adriana Gonz\u00e1lez S\u00e1nchez <\/strong><strong><span style=\"color: #3366ff\">(Jefa de\u00a0 Departamento de Formaci\u00f3n, Evaluaci\u00f3n e Innovaci\u00f3n Educativa)<\/span><\/strong><\/li><li>D\u00f1a. Mar\u00eda Bel\u00e9n Ruiz Gonz\u00e1lez\u00a0<\/li><\/ul><h3>Profesorado de FOL:<\/h3><ul><li><strong>D\u00f1a. Antonia Aurora Guzm\u00e1n Porras <span style=\"color: #008000\">(Jefa de Departamento)<\/span><\/strong><\/li><li>D\u00f1a. M\u00f3nica Parrado Parrado<\/li><li>D. Antonio Manuel Salcedo de Lara<\/li><\/ul><h4><a href=\"https:\/\/drive.google.com\/open?id=12O7fpitOWUYbBEzHrPrd-8HmUvBEVbBb&amp;usp=drive_fs\">Programaciones econom\u00eda<\/a><\/h4>                    <\/div>\n\t\t                    <\/div>\n        <\/div>\n\t\t\t\t<\/div>\n\t\t\t\t<\/div>\n\t\t\t\t\t<\/div>\n\t\t\t\t<\/div>\n\t\t<div class=\"elementor-element elementor-element-234a892 e-flex e-con-boxed e-con e-parent\" data-id=\"234a892\" data-element_type=\"container\" data-e-type=\"container\">\n\t\t\t\t\t<div class=\"e-con-inner\">\n\t\t\t\t<div class=\"elementor-element elementor-element-459f086 elementor-widget elementor-widget-spacer\" data-id=\"459f086\" data-element_type=\"widget\" data-e-type=\"widget\" data-widget_type=\"spacer.default\">\n\t\t\t\t<div class=\"elementor-widget-container\">\n\t\t\t\t\t\t\t<div class=\"elementor-spacer\">\n\t\t\t<div class=\"elementor-spacer-inner\"><\/div>\n\t\t<\/div>\n\t\t\t\t\t\t<\/div>\n\t\t\t\t<\/div>\n\t\t\t\t\t<\/div>\n\t\t\t\t<\/div>\n\t\t\t\t<section class=\"elementor-section elementor-top-section elementor-element elementor-element-db5d69f elementor-section-boxed elementor-section-height-default elementor-section-height-default\" data-id=\"db5d69f\" data-element_type=\"section\" data-e-type=\"section\">\n\t\t\t\t\t\t<div class=\"elementor-container elementor-column-gap-default\">\n\t\t\t\t\t<div class=\"elementor-column elementor-col-100 elementor-top-column elementor-element elementor-element-9a0019e\" data-id=\"9a0019e\" data-element_type=\"column\" data-e-type=\"column\">\n\t\t\t<div class=\"elementor-widget-wrap elementor-element-populated\">\n\t\t\t\t\t\t<div class=\"elementor-element elementor-element-8e6c2a9 elementor-widget elementor-widget-heading\" data-id=\"8e6c2a9\" data-element_type=\"widget\" data-e-type=\"widget\" data-widget_type=\"heading.default\">\n\t\t\t\t<div class=\"elementor-widget-container\">\n\t\t\t\t\t<h3 class=\"elementor-heading-title elementor-size-default\">\u00c1rea Art\u00edstica y Cultural<\/h3>\t\t\t\t<\/div>\n\t\t\t\t<\/div>\n\t\t\t\t\t<\/div>\n\t\t<\/div>\n\t\t\t\t\t<\/div>\n\t\t<\/section>\n\t\t<div class=\"elementor-element elementor-element-51a5951 e-flex e-con-boxed e-con e-parent\" data-id=\"51a5951\" data-element_type=\"container\" data-e-type=\"container\">\n\t\t\t\t\t<div class=\"e-con-inner\">\n\t\t\t\t<div class=\"elementor-element elementor-element-134afbd elementor-widget elementor-widget-eael-adv-tabs\" data-id=\"134afbd\" data-element_type=\"widget\" data-e-type=\"widget\" data-widget_type=\"eael-adv-tabs.default\">\n\t\t\t\t<div class=\"elementor-widget-container\">\n\t\t\t\t\t        <div data-scroll-on-click=\"no\" data-scroll-speed=\"300\" id=\"eael-advance-tabs-134afbd\" class=\"eael-advance-tabs eael-tabs-horizontal eael-tab-auto-active \" data-tabid=\"134afbd\">\n            <div class=\"eael-tabs-nav \">\n                <ul class=\"\" role=\"tablist\">\n                                            <li id=\"dibujo-y-msica\" class=\"inactive eael-tab-item-trigger eael-tab-nav-item\" aria-selected=\"true\" data-tab=\"1\" role=\"tab\" tabindex=\"0\" aria-controls=\"dibujo-y-msica-tab\" aria-expanded=\"false\">\n                            \n                            \n                            \n                                                            <span class=\"eael-tab-title title-after-icon\" >Dibujo y M\u00fasica<\/span>                                                    <\/li>\n                                            <li id=\"educacin-fsica\" class=\"inactive eael-tab-item-trigger eael-tab-nav-item\" aria-selected=\"false\" data-tab=\"2\" role=\"tab\" tabindex=\"-1\" aria-controls=\"educacin-fsica-tab\" aria-expanded=\"false\">\n                            \n                            \n                            \n                                                            <span class=\"eael-tab-title title-after-icon\" >Educaci\u00f3n F\u00edsica<\/span>                                                    <\/li>\n                    \n                                       <div class=\"eael-tabs-glassey-svg\">\n                        <svg style=\"display: none\">\n                           <filter id=\"switcher\" x=\"0\" y=\"0\" width=\"100%\" height=\"100%\" filterUnits=\"objectBoundingBox\">\n                              <feTurbulence type=\"fractalNoise\" baseFrequency=\"0.003 0.007\" numOctaves=\"1\" result=\"turbulence\" \/>\n                              <feDisplacementMap in=\"SourceGraphic\" in2=\"turbulence\" scale=\"200\" xChannelSelector=\"R\" yChannelSelector=\"G\" \/>\n                           <\/filter>\n                        <\/svg>\n                     <\/div>\n                                     <\/ul>\n            <\/div>\n            \n            <div class=\"eael-tabs-content\">\n\t\t        \n                    <div id=\"dibujo-y-msica-tab\" class=\"clearfix eael-tab-content-item inactive\" data-title-link=\"dibujo-y-msica-tab\">\n\t\t\t\t        <h3>Profesorado de Dibujo:<\/h3><ul><li>D\u00f1a. Ester Cano Arco<\/li><\/ul><h3>Profesorado de M\u00fasica:<\/h3><ul><li><strong>D. Pedro Dom\u00ednguez Melgarejo <span style=\"color: #008000\">(Jefe de Departamento)<\/span><\/strong><\/li><\/ul><h4>Programaciones departamento<\/h4>                    <\/div>\n\t\t        \n                    <div id=\"educacin-fsica-tab\" class=\"clearfix eael-tab-content-item inactive\" data-title-link=\"educacin-fsica-tab\">\n\t\t\t\t        <h3>Profesorado de Educaci\u00f3n F\u00edsica:<\/h3><ul><li>D.\u00a0 Salvador Rodr\u00edguez Ortiz<\/li><li><strong>D. Manuel Mar\u00eda Pacheco Mu\u00f1oz <span style=\"color: #008000\">(Jefe de Departamento y Coordinador de \u00c1rea Art\u00edstica y Cultural)<\/span><br \/><\/strong><\/li><\/ul><h4>Programaciones departamento<\/h4>                    <\/div>\n\t\t                    <\/div>\n        <\/div>\n\t\t\t\t<\/div>\n\t\t\t\t<\/div>\n\t\t\t\t\t<\/div>\n\t\t\t\t<\/div>\n\t\t<div class=\"elementor-element elementor-element-9c63757 e-flex e-con-boxed e-con e-parent\" data-id=\"9c63757\" data-element_type=\"container\" data-e-type=\"container\">\n\t\t\t\t\t<div class=\"e-con-inner\">\n\t\t\t\t<div class=\"elementor-element elementor-element-1d2ee09 elementor-widget elementor-widget-spacer\" data-id=\"1d2ee09\" data-element_type=\"widget\" data-e-type=\"widget\" data-widget_type=\"spacer.default\">\n\t\t\t\t<div class=\"elementor-widget-container\">\n\t\t\t\t\t\t\t<div class=\"elementor-spacer\">\n\t\t\t<div class=\"elementor-spacer-inner\"><\/div>\n\t\t<\/div>\n\t\t\t\t\t\t<\/div>\n\t\t\t\t<\/div>\n\t\t\t\t\t<\/div>\n\t\t\t\t<\/div>\n\t\t\t\t<section class=\"elementor-section elementor-top-section elementor-element elementor-element-61259f2 elementor-section-boxed elementor-section-height-default elementor-section-height-default\" data-id=\"61259f2\" data-element_type=\"section\" data-e-type=\"section\">\n\t\t\t\t\t\t<div class=\"elementor-container elementor-column-gap-default\">\n\t\t\t\t\t<div class=\"elementor-column elementor-col-100 elementor-top-column elementor-element elementor-element-3510b1b\" data-id=\"3510b1b\" data-element_type=\"column\" data-e-type=\"column\">\n\t\t\t<div class=\"elementor-widget-wrap elementor-element-populated\">\n\t\t\t\t\t\t<div class=\"elementor-element elementor-element-e1cd14a elementor-widget elementor-widget-heading\" data-id=\"e1cd14a\" data-element_type=\"widget\" data-e-type=\"widget\" data-widget_type=\"heading.default\">\n\t\t\t\t<div class=\"elementor-widget-container\">\n\t\t\t\t\t<h3 class=\"elementor-heading-title elementor-size-default\">\u00c1rea de Formaci\u00f3n Profesional<\/h3>\t\t\t\t<\/div>\n\t\t\t\t<\/div>\n\t\t\t\t\t<\/div>\n\t\t<\/div>\n\t\t\t\t\t<\/div>\n\t\t<\/section>\n\t\t<div class=\"elementor-element elementor-element-e82d436 e-flex e-con-boxed e-con e-parent\" data-id=\"e82d436\" data-element_type=\"container\" data-e-type=\"container\">\n\t\t\t\t\t<div class=\"e-con-inner\">\n\t\t\t\t<div class=\"elementor-element elementor-element-29dfe0d elementor-widget elementor-widget-eael-adv-tabs\" data-id=\"29dfe0d\" data-element_type=\"widget\" data-e-type=\"widget\" data-widget_type=\"eael-adv-tabs.default\">\n\t\t\t\t<div class=\"elementor-widget-container\">\n\t\t\t\t\t        <div data-scroll-on-click=\"no\" data-scroll-speed=\"300\" id=\"eael-advance-tabs-29dfe0d\" class=\"eael-advance-tabs eael-tabs-horizontal eael-tab-auto-active \" data-tabid=\"29dfe0d\">\n            <div class=\"eael-tabs-nav \">\n                <ul class=\"\" role=\"tablist\">\n                                            <li id=\"administracin-y-gestin\" class=\"inactive eael-tab-item-trigger eael-tab-nav-item\" aria-selected=\"true\" data-tab=\"1\" role=\"tab\" tabindex=\"0\" aria-controls=\"administracin-y-gestin-tab\" aria-expanded=\"false\">\n                            \n                            \n                            \n                                                            <span class=\"eael-tab-title title-after-icon\" >Administraci\u00f3n y Gesti\u00f3n<\/span>                                                    <\/li>\n                                            <li id=\"servicios-socioculturales-y-a-la-comunidad\" class=\"inactive eael-tab-item-trigger eael-tab-nav-item\" aria-selected=\"false\" data-tab=\"2\" role=\"tab\" tabindex=\"-1\" aria-controls=\"servicios-socioculturales-y-a-la-comunidad-tab\" aria-expanded=\"false\">\n                            \n                            \n                            \n                                                            <span class=\"eael-tab-title title-after-icon\" >Servicios Socioculturales y a la Comunidad<\/span>                                                    <\/li>\n                    \n                                       <div class=\"eael-tabs-glassey-svg\">\n                        <svg style=\"display: none\">\n                           <filter id=\"switcher\" x=\"0\" y=\"0\" width=\"100%\" height=\"100%\" filterUnits=\"objectBoundingBox\">\n                              <feTurbulence type=\"fractalNoise\" baseFrequency=\"0.003 0.007\" numOctaves=\"1\" result=\"turbulence\" \/>\n                              <feDisplacementMap in=\"SourceGraphic\" in2=\"turbulence\" scale=\"200\" xChannelSelector=\"R\" yChannelSelector=\"G\" \/>\n                           <\/filter>\n                        <\/svg>\n                     <\/div>\n                                     <\/ul>\n            <\/div>\n            \n            <div class=\"eael-tabs-content\">\n\t\t        \n                    <div id=\"administracin-y-gestin-tab\" class=\"clearfix eael-tab-content-item inactive\" data-title-link=\"administracin-y-gestin-tab\">\n\t\t\t\t        <h3>Profesorado de Administraci\u00f3n y Gesti\u00f3n:<\/h3><ul><li>D\u00f1a. Mar\u00eda del Mar Ariza P\u00e9rez<\/li><li>D\u00f1a. Mar\u00eda Antonia Artacho Rojas<\/li><li>D. Pedro Jos\u00e9 Cruz G\u00e1mez<\/li><li>D. Antonio G\u00f3mez P\u00e1ez<\/li><li>D. Juan de la Cruz L\u00f3pez Sierras<\/li><li>D. Jos\u00e9 Manuel Mu\u00f1oz Guill\u00e1n<\/li><li><strong>D\u00f1a. Nuria Ortigosa Vallejo <span style=\"color: #008000\">(Jefa de Departamento)<\/span><\/strong><\/li><li>D. Francisco P\u00e1ez Carrasco<\/li><li>D\u00f1a. Julia Purche Artacho<\/li><li>D\u00f1a. Mar\u00eda Rosa Pe\u00f1afiel Tienda<\/li><li>D. Juan Romero Luque<\/li><li>D. Antonio Serrano Guti\u00e9rrez\u00a0<\/li><li>D\u00f1a. Mar\u00eda Dolores Sierra Pastrana<\/li><li>D\u00f1a. Gloria Tornes Mota<\/li><\/ul><h4><a href=\"https:\/\/drive.google.com\/open?id=1gpG0Ojk6OzbJjEQyKX5hqqfuKro8WMzZ&amp;usp=drive_fs\">Programaciones departamento<\/a><\/h4>                    <\/div>\n\t\t        \n                    <div id=\"servicios-socioculturales-y-a-la-comunidad-tab\" class=\"clearfix eael-tab-content-item inactive\" data-title-link=\"servicios-socioculturales-y-a-la-comunidad-tab\">\n\t\t\t\t        <h3>Profesorado de Servicios Socioculturales y a la Comunidad:<\/h3><ul><li>D. Luis Mar\u00eda Arjona Rojo<\/li><li>D\u00f1a. Cecilia Burgos Rodr\u00edguez<\/li><li>D. Francisco Manuel Capilla Almena<\/li><li>D. Jos\u00e9 Manuel Corpas Nogales<\/li><li>D\u00f1a. Marina Mar\u00eda Fern\u00e1ndez-Blanco Fern\u00e1ndez<\/li><li>D\u00f1a. Elena Fern\u00e1ndez Yag\u00fces<\/li><li>D\u00f1a. Eva Mar\u00eda Garc\u00eda Capel<\/li><li>D\u00f1a. Mar\u00eda Isabel G\u00f3mez Berrocal<\/li><li>D\u00f1a. Mar\u00eda Jos\u00e9 Lozano G\u00f3mez<\/li><li>D\u00f1a. Ana Isabel del Moral Aguilera<\/li><li>D\u00f1a. Eva Ramos Rivas<\/li><li><strong>D\u00f1a. Vanessa Rodr\u00edguez Bl\u00e1zquez <span style=\"color: #008000\">(Jefa de Departamento y Coordinadora de \u00c1rea de F.P.)<\/span><\/strong><\/li><li>D\u00f1a. Mar\u00eda Jos\u00e9 Rodr\u00edguez Rodr\u00edguez<\/li><li>D\u00f1a. In\u00e9s Mar\u00eda S\u00e1nchez Dur\u00e1n<\/li><li>D\u00f1a. Dolores Torres P\u00e9rez<\/li><li>D\u00f1a. Gema Zurita Parejo<\/li><\/ul><h4><a href=\"https:\/\/drive.google.com\/open?id=1J6LPuw7Jc7nxiCaN8q6YgTrecWBRKzil&amp;usp=drive_fs\">Programaciones departamento<\/a><\/h4>                    <\/div>\n\t\t                    <\/div>\n        <\/div>\n\t\t\t\t<\/div>\n\t\t\t\t<\/div>\n\t\t\t\t\t<\/div>\n\t\t\t\t<\/div>\n\t\t<div class=\"elementor-element elementor-element-4f8cdf4 e-flex e-con-boxed e-con e-parent\" data-id=\"4f8cdf4\" data-element_type=\"container\" data-e-type=\"container\">\n\t\t\t\t\t<div class=\"e-con-inner\">\n\t\t\t\t<div class=\"elementor-element elementor-element-21e6f1d elementor-widget elementor-widget-spacer\" data-id=\"21e6f1d\" data-element_type=\"widget\" data-e-type=\"widget\" data-widget_type=\"spacer.default\">\n\t\t\t\t<div class=\"elementor-widget-container\">\n\t\t\t\t\t\t\t<div class=\"elementor-spacer\">\n\t\t\t<div class=\"elementor-spacer-inner\"><\/div>\n\t\t<\/div>\n\t\t\t\t\t\t<\/div>\n\t\t\t\t<\/div>\n\t\t\t\t\t<\/div>\n\t\t\t\t<\/div>\n\t\t\t\t<section class=\"elementor-section elementor-top-section elementor-element elementor-element-3a30b6a elementor-section-boxed elementor-section-height-default elementor-section-height-default\" data-id=\"3a30b6a\" data-element_type=\"section\" data-e-type=\"section\">\n\t\t\t\t\t\t<div class=\"elementor-container elementor-column-gap-default\">\n\t\t\t\t\t<div class=\"elementor-column elementor-col-100 elementor-top-column elementor-element elementor-element-624f7d8\" data-id=\"624f7d8\" data-element_type=\"column\" data-e-type=\"column\">\n\t\t\t<div class=\"elementor-widget-wrap elementor-element-populated\">\n\t\t\t\t\t\t<div class=\"elementor-element elementor-element-8279bd7 elementor-widget elementor-widget-heading\" data-id=\"8279bd7\" data-element_type=\"widget\" data-e-type=\"widget\" data-widget_type=\"heading.default\">\n\t\t\t\t<div class=\"elementor-widget-container\">\n\t\t\t\t\t<h3 class=\"elementor-heading-title elementor-size-default\">Orientaci\u00f3n y \u00c1reas<\/h3>\t\t\t\t<\/div>\n\t\t\t\t<\/div>\n\t\t\t\t\t<\/div>\n\t\t<\/div>\n\t\t\t\t\t<\/div>\n\t\t<\/section>\n\t\t<div class=\"elementor-element elementor-element-bea9bc0 e-flex e-con-boxed e-con e-parent\" data-id=\"bea9bc0\" data-element_type=\"container\" data-e-type=\"container\">\n\t\t\t\t\t<div class=\"e-con-inner\">\n\t\t\t\t<div class=\"elementor-element elementor-element-dbcdaf1 elementor-widget elementor-widget-eael-adv-tabs\" data-id=\"dbcdaf1\" data-element_type=\"widget\" data-e-type=\"widget\" data-widget_type=\"eael-adv-tabs.default\">\n\t\t\t\t<div class=\"elementor-widget-container\">\n\t\t\t\t\t        <div data-scroll-on-click=\"no\" data-scroll-speed=\"300\" id=\"eael-advance-tabs-dbcdaf1\" class=\"eael-advance-tabs eael-tabs-horizontal eael-tab-auto-active \" data-tabid=\"dbcdaf1\">\n            <div class=\"eael-tabs-nav \">\n                <ul class=\"\" role=\"tablist\">\n                                            <li id=\"orientacin\" class=\"inactive eael-tab-item-trigger eael-tab-nav-item\" aria-selected=\"true\" data-tab=\"1\" role=\"tab\" tabindex=\"0\" aria-controls=\"orientacin-tab\" aria-expanded=\"false\">\n                            \n                            \n                            \n                                                            <span class=\"eael-tab-title title-after-icon\" >Orientaci\u00f3n<\/span>                                                    <\/li>\n                                            <li id=\"reas\" class=\"inactive eael-tab-item-trigger eael-tab-nav-item\" aria-selected=\"false\" data-tab=\"2\" role=\"tab\" tabindex=\"-1\" aria-controls=\"reas-tab\" aria-expanded=\"false\">\n                            \n                            \n                            \n                                                            <span class=\"eael-tab-title title-after-icon\" >\u00c1reas<\/span>                                                    <\/li>\n                    \n                                       <div class=\"eael-tabs-glassey-svg\">\n                        <svg style=\"display: none\">\n                           <filter id=\"switcher\" x=\"0\" y=\"0\" width=\"100%\" height=\"100%\" filterUnits=\"objectBoundingBox\">\n                              <feTurbulence type=\"fractalNoise\" baseFrequency=\"0.003 0.007\" numOctaves=\"1\" result=\"turbulence\" \/>\n                              <feDisplacementMap in=\"SourceGraphic\" in2=\"turbulence\" scale=\"200\" xChannelSelector=\"R\" yChannelSelector=\"G\" \/>\n                           <\/filter>\n                        <\/svg>\n                     <\/div>\n                                     <\/ul>\n            <\/div>\n            \n            <div class=\"eael-tabs-content\">\n\t\t        \n                    <div id=\"orientacin-tab\" class=\"clearfix eael-tab-content-item inactive\" data-title-link=\"orientacin-tab\">\n\t\t\t\t        <h3>Profesorado de Orientaci\u00f3n:<\/h3><ul><li>D\u00f1a. Teresa Arjona Fuentes<\/li><li>D\u00f1a. Claudia C\u00f3rdoba C\u00e1ceres (Orientadora)<\/li><li>D\u00f1a. Mercedes Ramos Espejo (Pedagog\u00eda Terap\u00e9utica)<\/li><li><strong>D\u00f1a. Monserrat T\u00e9llez Trani (Pedagog\u00eda Terap\u00e9utica)<\/strong> <strong><span style=\"color: #008000\">(Jefa de Departamento)<\/span><\/strong><\/li><li>D\u00f1a. Mar\u00eda P\u00e9rez Postigo (Compensaci\u00f3n)<\/li><li>D\u00f1a. Susana S\u00e1nchez Morales<\/li><\/ul><h4><a href=\"https:\/\/drive.google.com\/open?id=1O17yaf6atGpacU1tojqqln_Ri_HvlKA3&amp;usp=drive_fs\">Programaciones departamento<\/a><\/h4>                    <\/div>\n\t\t        \n                    <div id=\"reas-tab\" class=\"clearfix eael-tab-content-item inactive\" data-title-link=\"reas-tab\">\n\t\t\t\t        <h3>Profesorado de Refuerzos COVID:<\/h3><h3>FEVIE:<\/h3><ul><li><strong>D\u00f1a. Adriana Gonz\u00e1lez S\u00e1nchez<\/strong><\/li><\/ul><h3>DACE<\/h3><ul><li><strong>D. Pedro Miguel Salazar Santiago<\/strong><\/li><\/ul><h4>Programaciones:<span style=\"color: #3366ff\">\u00a0 <a style=\"color: #3366ff\" href=\"https:\/\/drive.google.com\/file\/d\/1025PcYQ6PxHjy9BvGgs4knV8AuzzUgh9\/view?usp=sharing\" target=\"_blank\" rel=\"noopener\">FEVIE<\/a><\/span><\/h4>                    <\/div>\n\t\t                    <\/div>\n        <\/div>\n\t\t\t\t<\/div>\n\t\t\t\t<\/div>\n\t\t\t\t\t<\/div>\n\t\t\t\t<\/div>\n\t\t\t\t<section class=\"elementor-section elementor-top-section elementor-element elementor-element-3d5fe05 elementor-section-boxed elementor-section-height-default elementor-section-height-default\" data-id=\"3d5fe05\" data-element_type=\"section\" data-e-type=\"section\">\n\t\t\t\t\t\t<div class=\"elementor-container elementor-column-gap-default\">\n\t\t\t\t\t<div class=\"elementor-column elementor-col-100 elementor-top-column elementor-element elementor-element-4b50568\" data-id=\"4b50568\" data-element_type=\"column\" data-e-type=\"column\">\n\t\t\t<div class=\"elementor-widget-wrap elementor-element-populated\">\n\t\t\t\t\t\t<div class=\"elementor-element elementor-element-733e383 elementor-widget-divider--view-line elementor-widget elementor-widget-divider\" data-id=\"733e383\" data-element_type=\"widget\" data-e-type=\"widget\" data-widget_type=\"divider.default\">\n\t\t\t\t<div class=\"elementor-widget-container\">\n\t\t\t\t\t\t\t<div class=\"elementor-divider\">\n\t\t\t<span class=\"elementor-divider-separator\">\n\t\t\t\t\t\t<\/span>\n\t\t<\/div>\n\t\t\t\t\t\t<\/div>\n\t\t\t\t<\/div>\n\t\t\t\t\t<\/div>\n\t\t<\/div>\n\t\t\t\t\t<\/div>\n\t\t<\/section>\n\t\t\t\t<\/div>\n\t\t","protected":false},"excerpt":{"rendered":"<p>\u00c1rea Social y Ling\u00fc\u00edstica Filosof\u00eda y Religi\u00f3n Franc\u00e9s Geograf\u00eda e Historia Ingl\u00e9s Lat\u00edn y Griego Lengua y Literatura Profesorado de Filosof\u00eda: D\u00f1a. Marta Mart\u00ednez Mart\u00ednez (Jefa de Departamento) D. Antonio Reyes Burgos Profesorado de Religi\u00f3n: D. Jos\u00e9 Antonio Narbona Galindo \u00a0 Programaciones\u00a0 departamento Profesorado de Franc\u00e9s: D\u00f1a. Mar\u00eda Luisa Romero Fern\u00e1ndez (Jefa de Departamento) \u00a0 [&hellip;]<\/p>\n","protected":false},"author":3,"featured_media":0,"parent":561,"menu_order":0,"comment_status":"closed","ping_status":"closed","template":"","meta":{"_eb_attr":"","_mc_calendar":[],"footnotes":""},"class_list":["post-2758","page","type-page","status-publish","hentry"],"yoast_head":"<!-- This site is optimized with the Yoast SEO plugin v27.0 - https:\/\/yoast.com\/product\/yoast-seo-wordpress\/ -->\n<title>Departamentos y programaciones - IES Pintor Jos\u00e9 M\u00aa Fern\u00e1ndez<\/title>\n<meta name=\"robots\" content=\"index, follow, max-snippet:-1, max-image-preview:large, max-video-preview:-1\" \/>\n<link rel=\"canonical\" href=\"https:\/\/www.iespintorjosemariafernandez.es\/index.php\/ies-pintor-antequera\/departamentos-y-programaciones\/\" \/>\n<meta property=\"og:locale\" content=\"es_ES\" \/>\n<meta property=\"og:type\" content=\"article\" \/>\n<meta property=\"og:title\" content=\"Departamentos y programaciones - IES Pintor Jos\u00e9 M\u00aa Fern\u00e1ndez\" \/>\n<meta property=\"og:description\" content=\"\u00c1rea Social y Ling\u00fc\u00edstica Filosof\u00eda y Religi\u00f3n Franc\u00e9s Geograf\u00eda e Historia Ingl\u00e9s Lat\u00edn y Griego Lengua y Literatura Profesorado de Filosof\u00eda: D\u00f1a. Marta Mart\u00ednez Mart\u00ednez (Jefa de Departamento) D. Antonio Reyes Burgos Profesorado de Religi\u00f3n: D. Jos\u00e9 Antonio Narbona Galindo \u00a0 Programaciones\u00a0 departamento Profesorado de Franc\u00e9s: D\u00f1a. Mar\u00eda Luisa Romero Fern\u00e1ndez (Jefa de Departamento) \u00a0 [&hellip;]\" \/>\n<meta property=\"og:url\" content=\"https:\/\/www.iespintorjosemariafernandez.es\/index.php\/ies-pintor-antequera\/departamentos-y-programaciones\/\" \/>\n<meta property=\"og:site_name\" content=\"IES Pintor Jos\u00e9 M\u00aa Fern\u00e1ndez\" \/>\n<meta property=\"article:publisher\" content=\"https:\/\/www.facebook.com\/iesjosemaria.fernandez.5\" \/>\n<meta property=\"article:modified_time\" content=\"2025-11-24T10:20:44+00:00\" \/>\n<meta name=\"twitter:card\" content=\"summary_large_image\" \/>\n<meta name=\"twitter:site\" content=\"@JmfPintor\" \/>\n<meta name=\"twitter:label1\" content=\"Tiempo de lectura\" \/>\n\t<meta name=\"twitter:data1\" content=\"4 minutos\" \/>\n<script type=\"application\/ld+json\" class=\"yoast-schema-graph\">{\"@context\":\"https:\/\/schema.org\",\"@graph\":[{\"@type\":\"WebPage\",\"@id\":\"https:\/\/www.iespintorjosemariafernandez.es\/index.php\/ies-pintor-antequera\/departamentos-y-programaciones\/\",\"url\":\"https:\/\/www.iespintorjosemariafernandez.es\/index.php\/ies-pintor-antequera\/departamentos-y-programaciones\/\",\"name\":\"Departamentos y programaciones - IES Pintor Jos\u00e9 M\u00aa Fern\u00e1ndez\",\"isPartOf\":{\"@id\":\"https:\/\/www.iespintorjosemariafernandez.es\/#website\"},\"datePublished\":\"2025-11-19T10:29:49+00:00\",\"dateModified\":\"2025-11-24T10:20:44+00:00\",\"breadcrumb\":{\"@id\":\"https:\/\/www.iespintorjosemariafernandez.es\/index.php\/ies-pintor-antequera\/departamentos-y-programaciones\/#breadcrumb\"},\"inLanguage\":\"es\",\"potentialAction\":[{\"@type\":\"ReadAction\",\"target\":[\"https:\/\/www.iespintorjosemariafernandez.es\/index.php\/ies-pintor-antequera\/departamentos-y-programaciones\/\"]}]},{\"@type\":\"BreadcrumbList\",\"@id\":\"https:\/\/www.iespintorjosemariafernandez.es\/index.php\/ies-pintor-antequera\/departamentos-y-programaciones\/#breadcrumb\",\"itemListElement\":[{\"@type\":\"ListItem\",\"position\":1,\"name\":\"IES Pintor Jos\u00e9 Mar\u00eda Fern\u00e1ndez\",\"item\":\"https:\/\/www.iespintorjosemariafernandez.es\/\"},{\"@type\":\"ListItem\",\"position\":2,\"name\":\"El Centro\",\"item\":\"https:\/\/www.iespintorjosemariafernandez.es\/\"},{\"@type\":\"ListItem\",\"position\":3,\"name\":\"Departamentos y programaciones\"}]},{\"@type\":\"WebSite\",\"@id\":\"https:\/\/www.iespintorjosemariafernandez.es\/#website\",\"url\":\"https:\/\/www.iespintorjosemariafernandez.es\/\",\"name\":\"IES Pintor Jos\u00e9 M\u00aa Fern\u00e1ndez\",\"description\":\"IES Bachillerato Formaci\u00f3n Profesional en Antequera (M\u00e1laga)\",\"publisher\":{\"@id\":\"https:\/\/www.iespintorjosemariafernandez.es\/#organization\"},\"alternateName\":\"IES Pintor Antequera\",\"potentialAction\":[{\"@type\":\"SearchAction\",\"target\":{\"@type\":\"EntryPoint\",\"urlTemplate\":\"https:\/\/www.iespintorjosemariafernandez.es\/?s={search_term_string}\"},\"query-input\":{\"@type\":\"PropertyValueSpecification\",\"valueRequired\":true,\"valueName\":\"search_term_string\"}}],\"inLanguage\":\"es\"},{\"@type\":\"Organization\",\"@id\":\"https:\/\/www.iespintorjosemariafernandez.es\/#organization\",\"name\":\"IES Pintor Antequera\",\"alternateName\":\"IES Pintor\",\"url\":\"https:\/\/www.iespintorjosemariafernandez.es\/\",\"logo\":{\"@type\":\"ImageObject\",\"inLanguage\":\"es\",\"@id\":\"https:\/\/www.iespintorjosemariafernandez.es\/#\/schema\/logo\/image\/\",\"url\":\"https:\/\/www.iespintorjosemariafernandez.es\/wp-content\/uploads\/2023\/03\/logopintor_150.png\",\"contentUrl\":\"https:\/\/www.iespintorjosemariafernandez.es\/wp-content\/uploads\/2023\/03\/logopintor_150.png\",\"width\":150,\"height\":150,\"caption\":\"IES Pintor Antequera\"},\"image\":{\"@id\":\"https:\/\/www.iespintorjosemariafernandez.es\/#\/schema\/logo\/image\/\"},\"sameAs\":[\"https:\/\/www.facebook.com\/iesjosemaria.fernandez.5\",\"https:\/\/x.com\/JmfPintor\",\"https:\/\/www.instagram.com\/ies.pin\/\",\"https:\/\/www.instagram.com\/biblioiespintor\/\"]}]}<\/script>\n<!-- \/ Yoast SEO plugin. -->","yoast_head_json":{"title":"Departamentos y programaciones - IES Pintor Jos\u00e9 M\u00aa Fern\u00e1ndez","robots":{"index":"index","follow":"follow","max-snippet":"max-snippet:-1","max-image-preview":"max-image-preview:large","max-video-preview":"max-video-preview:-1"},"canonical":"https:\/\/www.iespintorjosemariafernandez.es\/index.php\/ies-pintor-antequera\/departamentos-y-programaciones\/","og_locale":"es_ES","og_type":"article","og_title":"Departamentos y programaciones - IES Pintor Jos\u00e9 M\u00aa Fern\u00e1ndez","og_description":"\u00c1rea Social y Ling\u00fc\u00edstica Filosof\u00eda y Religi\u00f3n Franc\u00e9s Geograf\u00eda e Historia Ingl\u00e9s Lat\u00edn y Griego Lengua y Literatura Profesorado de Filosof\u00eda: D\u00f1a. Marta Mart\u00ednez Mart\u00ednez (Jefa de Departamento) D. Antonio Reyes Burgos Profesorado de Religi\u00f3n: D. Jos\u00e9 Antonio Narbona Galindo \u00a0 Programaciones\u00a0 departamento Profesorado de Franc\u00e9s: D\u00f1a. Mar\u00eda Luisa Romero Fern\u00e1ndez (Jefa de Departamento) \u00a0 [&hellip;]","og_url":"https:\/\/www.iespintorjosemariafernandez.es\/index.php\/ies-pintor-antequera\/departamentos-y-programaciones\/","og_site_name":"IES Pintor Jos\u00e9 M\u00aa Fern\u00e1ndez","article_publisher":"https:\/\/www.facebook.com\/iesjosemaria.fernandez.5","article_modified_time":"2025-11-24T10:20:44+00:00","twitter_card":"summary_large_image","twitter_site":"@JmfPintor","twitter_misc":{"Tiempo de lectura":"4 minutos"},"schema":{"@context":"https:\/\/schema.org","@graph":[{"@type":"WebPage","@id":"https:\/\/www.iespintorjosemariafernandez.es\/index.php\/ies-pintor-antequera\/departamentos-y-programaciones\/","url":"https:\/\/www.iespintorjosemariafernandez.es\/index.php\/ies-pintor-antequera\/departamentos-y-programaciones\/","name":"Departamentos y programaciones - IES Pintor Jos\u00e9 M\u00aa Fern\u00e1ndez","isPartOf":{"@id":"https:\/\/www.iespintorjosemariafernandez.es\/#website"},"datePublished":"2025-11-19T10:29:49+00:00","dateModified":"2025-11-24T10:20:44+00:00","breadcrumb":{"@id":"https:\/\/www.iespintorjosemariafernandez.es\/index.php\/ies-pintor-antequera\/departamentos-y-programaciones\/#breadcrumb"},"inLanguage":"es","potentialAction":[{"@type":"ReadAction","target":["https:\/\/www.iespintorjosemariafernandez.es\/index.php\/ies-pintor-antequera\/departamentos-y-programaciones\/"]}]},{"@type":"BreadcrumbList","@id":"https:\/\/www.iespintorjosemariafernandez.es\/index.php\/ies-pintor-antequera\/departamentos-y-programaciones\/#breadcrumb","itemListElement":[{"@type":"ListItem","position":1,"name":"IES Pintor Jos\u00e9 Mar\u00eda Fern\u00e1ndez","item":"https:\/\/www.iespintorjosemariafernandez.es\/"},{"@type":"ListItem","position":2,"name":"El Centro","item":"https:\/\/www.iespintorjosemariafernandez.es\/"},{"@type":"ListItem","position":3,"name":"Departamentos y programaciones"}]},{"@type":"WebSite","@id":"https:\/\/www.iespintorjosemariafernandez.es\/#website","url":"https:\/\/www.iespintorjosemariafernandez.es\/","name":"IES Pintor Jos\u00e9 M\u00aa Fern\u00e1ndez","description":"IES Bachillerato Formaci\u00f3n Profesional en Antequera (M\u00e1laga)","publisher":{"@id":"https:\/\/www.iespintorjosemariafernandez.es\/#organization"},"alternateName":"IES Pintor Antequera","potentialAction":[{"@type":"SearchAction","target":{"@type":"EntryPoint","urlTemplate":"https:\/\/www.iespintorjosemariafernandez.es\/?s={search_term_string}"},"query-input":{"@type":"PropertyValueSpecification","valueRequired":true,"valueName":"search_term_string"}}],"inLanguage":"es"},{"@type":"Organization","@id":"https:\/\/www.iespintorjosemariafernandez.es\/#organization","name":"IES Pintor Antequera","alternateName":"IES Pintor","url":"https:\/\/www.iespintorjosemariafernandez.es\/","logo":{"@type":"ImageObject","inLanguage":"es","@id":"https:\/\/www.iespintorjosemariafernandez.es\/#\/schema\/logo\/image\/","url":"https:\/\/www.iespintorjosemariafernandez.es\/wp-content\/uploads\/2023\/03\/logopintor_150.png","contentUrl":"https:\/\/www.iespintorjosemariafernandez.es\/wp-content\/uploads\/2023\/03\/logopintor_150.png","width":150,"height":150,"caption":"IES Pintor Antequera"},"image":{"@id":"https:\/\/www.iespintorjosemariafernandez.es\/#\/schema\/logo\/image\/"},"sameAs":["https:\/\/www.facebook.com\/iesjosemaria.fernandez.5","https:\/\/x.com\/JmfPintor","https:\/\/www.instagram.com\/ies.pin\/","https:\/\/www.instagram.com\/biblioiespintor\/"]}]}},"_links":{"self":[{"href":"https:\/\/www.iespintorjosemariafernandez.es\/index.php\/wp-json\/wp\/v2\/pages\/2758","targetHints":{"allow":["GET"]}}],"collection":[{"href":"https:\/\/www.iespintorjosemariafernandez.es\/index.php\/wp-json\/wp\/v2\/pages"}],"about":[{"href":"https:\/\/www.iespintorjosemariafernandez.es\/index.php\/wp-json\/wp\/v2\/types\/page"}],"author":[{"embeddable":true,"href":"https:\/\/www.iespintorjosemariafernandez.es\/index.php\/wp-json\/wp\/v2\/users\/3"}],"replies":[{"embeddable":true,"href":"https:\/\/www.iespintorjosemariafernandez.es\/index.php\/wp-json\/wp\/v2\/comments?post=2758"}],"version-history":[{"count":34,"href":"https:\/\/www.iespintorjosemariafernandez.es\/index.php\/wp-json\/wp\/v2\/pages\/2758\/revisions"}],"predecessor-version":[{"id":2803,"href":"https:\/\/www.iespintorjosemariafernandez.es\/index.php\/wp-json\/wp\/v2\/pages\/2758\/revisions\/2803"}],"up":[{"embeddable":true,"href":"https:\/\/www.iespintorjosemariafernandez.es\/index.php\/wp-json\/wp\/v2\/pages\/561"}],"wp:attachment":[{"href":"https:\/\/www.iespintorjosemariafernandez.es\/index.php\/wp-json\/wp\/v2\/media?parent=2758"}],"curies":[{"name":"wp","href":"https:\/\/api.w.org\/{rel}","templated":true}]}}