{"id":1613,"date":"2023-10-05T11:34:59","date_gmt":"2023-10-05T09:34:59","guid":{"rendered":"https:\/\/www.iespintorjosemariafernandez.es\/?page_id=1613"},"modified":"2025-11-17T11:15:32","modified_gmt":"2025-11-17T09:15:32","slug":"erasmus","status":"publish","type":"page","link":"https:\/\/www.iespintorjosemariafernandez.es\/index.php\/ies-pintor-antequera\/proyectos\/erasmus\/","title":{"rendered":"Erasmus+"},"content":{"rendered":"\t\t<div data-elementor-type=\"wp-page\" data-elementor-id=\"1613\" class=\"elementor elementor-1613\">\n\t\t\t\t<div class=\"elementor-element elementor-element-86d13cc e-flex e-con-boxed e-con e-parent\" data-id=\"86d13cc\" data-element_type=\"container\" data-e-type=\"container\">\n\t\t\t\t\t<div class=\"e-con-inner\">\n\t\t<div class=\"elementor-element elementor-element-165faf4 e-con-full e-flex e-con e-child\" data-id=\"165faf4\" data-element_type=\"container\" data-e-type=\"container\">\n\t\t\t\t<div class=\"elementor-element elementor-element-435d3ff elementor-widget elementor-widget-image\" data-id=\"435d3ff\" data-element_type=\"widget\" data-e-type=\"widget\" data-widget_type=\"image.default\">\n\t\t\t\t<div class=\"elementor-widget-container\">\n\t\t\t\t\t\t\t\t\t\t\t\t\t\t\t<img fetchpriority=\"high\" decoding=\"async\" width=\"436\" height=\"116\" src=\"https:\/\/www.iespintorjosemariafernandez.es\/wp-content\/uploads\/2025\/10\/Europa.-cofinanciado.png\" class=\"attachment-large size-large wp-image-2710\" alt=\"Europa. Cofinanciado por la Uni\u00f3n Europea\" srcset=\"https:\/\/www.iespintorjosemariafernandez.es\/wp-content\/uploads\/2025\/10\/Europa.-cofinanciado.png 436w, https:\/\/www.iespintorjosemariafernandez.es\/wp-content\/uploads\/2025\/10\/Europa.-cofinanciado-300x80.png 300w\" sizes=\"(max-width: 436px) 100vw, 436px\" \/>\t\t\t\t\t\t\t\t\t\t\t\t\t\t\t<\/div>\n\t\t\t\t<\/div>\n\t\t\t\t<\/div>\n\t\t<div class=\"elementor-element elementor-element-9239400 e-con-full e-flex e-con e-child\" data-id=\"9239400\" data-element_type=\"container\" data-e-type=\"container\">\n\t\t\t\t<div class=\"elementor-element elementor-element-2f87ca6 elementor-widget elementor-widget-text-editor\" data-id=\"2f87ca6\" data-element_type=\"widget\" data-e-type=\"widget\" data-widget_type=\"text-editor.default\">\n\t\t\t\t<div class=\"elementor-widget-container\">\n\t\t\t\t\t\t\t\t\t<p><strong>COORDINADOR:<\/strong> D\u00f1a. Mara Artacho Rojas<\/p><p><strong>OBJETIVOS:<\/strong><\/p><p>El IES Pintor Jos\u00e9 Mar\u00eda Fern\u00e1ndez se encuentra inmerso, actualmente, en la ejecuci\u00f3n de varios proyectos gracias al IES La Zafra, centro Coordinador del Consorcio Erasmus+, creado para la ejecuci\u00f3n del Programa de Movilidad llamado \u201cSULAYR\u201d. Los proyectos son los siguientes: <b>2024-1-ES01-KA121-VET-<wbr \/>000210600<\/b><\/p>\t\t\t\t\t\t\t\t<\/div>\n\t\t\t\t<\/div>\n\t\t\t\t<\/div>\n\t\t\t\t\t<\/div>\n\t\t\t\t<\/div>\n\t\t<div class=\"elementor-element elementor-element-bb2a75f e-flex e-con-boxed e-con e-parent\" data-id=\"bb2a75f\" data-element_type=\"container\" data-e-type=\"container\">\n\t\t\t\t\t<div class=\"e-con-inner\">\n\t\t\t\t<div class=\"elementor-element elementor-element-fcb3574 elementor-widget elementor-widget-text-editor\" data-id=\"fcb3574\" data-element_type=\"widget\" data-e-type=\"widget\" data-widget_type=\"text-editor.default\">\n\t\t\t\t<div class=\"elementor-widget-container\">\n\t\t\t\t\t\t\t\t\t<p><strong style=\"font-family: var( --e-global-typography-text-font-family ), Sans-serif; text-align: var(--text-align); font-size: 1rem;\">Bases<\/strong><\/p><p><a href=\"https:\/\/www.iespintorjosemariafernandez.es\/wp-content\/uploads\/2025\/10\/2025-2026.-Formulario-de-Inscripcion-SULAYR-90D-2026.pdf\" target=\"_blank\" rel=\"noopener\">2025-2026. Erasmus+. Bases Sulayr FCT 2025<\/a><\/p>\t\t\t\t\t\t\t\t<\/div>\n\t\t\t\t<\/div>\n\t\t\t\t\t<\/div>\n\t\t\t\t<\/div>\n\t\t<div class=\"elementor-element elementor-element-c588756 e-flex e-con-boxed e-con e-parent\" data-id=\"c588756\" data-element_type=\"container\" data-e-type=\"container\">\n\t\t\t\t\t<div class=\"e-con-inner\">\n\t\t\t\t<div class=\"elementor-element elementor-element-d5f222b elementor-widget elementor-widget-text-editor\" data-id=\"d5f222b\" data-element_type=\"widget\" data-e-type=\"widget\" data-widget_type=\"text-editor.default\">\n\t\t\t\t<div class=\"elementor-widget-container\">\n\t\t\t\t\t\t\t\t\t<p><a href=\"https:\/\/www.iespintorjosemariafernandez.es\/wp-content\/uploads\/2025\/10\/2025-2026.-Formulario-de-Inscripcion-SULAYR-90D-2026.pdf\" target=\"_blank\" rel=\"noopener\">2025-2026. Formulario de Inscripci\u00f3n SULAYR 90D 2026<\/a><\/p>\t\t\t\t\t\t\t\t<\/div>\n\t\t\t\t<\/div>\n\t\t\t\t\t<\/div>\n\t\t\t\t<\/div>\n\t\t<div class=\"elementor-element elementor-element-863f7f4 e-flex e-con-boxed e-con e-parent\" data-id=\"863f7f4\" data-element_type=\"container\" data-e-type=\"container\">\n\t\t\t\t\t<div class=\"e-con-inner\">\n\t\t\t\t<div class=\"elementor-element elementor-element-0a93938 elementor-widget elementor-widget-text-editor\" data-id=\"0a93938\" data-element_type=\"widget\" data-e-type=\"widget\" data-widget_type=\"text-editor.default\">\n\t\t\t\t<div class=\"elementor-widget-container\">\n\t\t\t\t\t\t\t\t\t<p><a href=\"https:\/\/www.iespintorjosemariafernandez.es\/wp-content\/uploads\/2025\/11\/2025-2026.-Listado-definitivo-SULAYR-60-90D-2026-Fdo.pdf\" target=\"_blank\" rel=\"noopener\">2025-2026. Listado definitivo SULAYR 60-90D 2026 Fdo<\/a><\/p>\t\t\t\t\t\t\t\t<\/div>\n\t\t\t\t<\/div>\n\t\t\t\t\t<\/div>\n\t\t\t\t<\/div>\n\t\t<div class=\"elementor-element elementor-element-3c993f7 e-flex e-con-boxed e-con e-parent\" data-id=\"3c993f7\" data-element_type=\"container\" data-e-type=\"container\">\n\t\t\t\t\t<div class=\"e-con-inner\">\n\t\t\t\t<div class=\"elementor-element elementor-element-7c637a3 elementor-widget elementor-widget-text-editor\" data-id=\"7c637a3\" data-element_type=\"widget\" data-e-type=\"widget\" data-widget_type=\"text-editor.default\">\n\t\t\t\t<div class=\"elementor-widget-container\">\n\t\t\t\t\t\t\t\t\t<p>\u00a0<\/p><p>Algunos de los participantes en el programa Erasmus+\u00a0nos cuentan su experiencia en movilidades Erasmus de Formaci\u00f3n Profesional.<br \/>Sin duda todos coinciden en que es una experiencia que hay que vivir \u00a1al menos una vez en la vida!<\/p>\t\t\t\t\t\t\t\t<\/div>\n\t\t\t\t<\/div>\n\t\t\t\t\t<\/div>\n\t\t\t\t<\/div>\n\t\t<div class=\"elementor-element elementor-element-0244752 e-flex e-con-boxed e-con e-parent\" data-id=\"0244752\" data-element_type=\"container\" data-e-type=\"container\">\n\t\t\t\t\t<div class=\"e-con-inner\">\n\t\t\t\t<div class=\"elementor-element elementor-element-dbde9b7 elementor-widget elementor-widget-image\" data-id=\"dbde9b7\" data-element_type=\"widget\" data-e-type=\"widget\" data-widget_type=\"image.default\">\n\t\t\t\t<div class=\"elementor-widget-container\">\n\t\t\t\t\t\t\t\t\t\t\t\t\t\t\t<img decoding=\"async\" width=\"696\" height=\"696\" src=\"https:\/\/www.iespintorjosemariafernandez.es\/wp-content\/uploads\/2023\/11\/1-1024x1024.jpg\" class=\"attachment-large size-large wp-image-1729\" alt=\"\" srcset=\"https:\/\/www.iespintorjosemariafernandez.es\/wp-content\/uploads\/2023\/11\/1-1024x1024.jpg 1024w, https:\/\/www.iespintorjosemariafernandez.es\/wp-content\/uploads\/2023\/11\/1-300x300.jpg 300w, https:\/\/www.iespintorjosemariafernandez.es\/wp-content\/uploads\/2023\/11\/1-150x150.jpg 150w, https:\/\/www.iespintorjosemariafernandez.es\/wp-content\/uploads\/2023\/11\/1-768x768.jpg 768w, https:\/\/www.iespintorjosemariafernandez.es\/wp-content\/uploads\/2023\/11\/1.jpg 1080w\" sizes=\"(max-width: 696px) 100vw, 696px\" \/>\t\t\t\t\t\t\t\t\t\t\t\t\t\t\t<\/div>\n\t\t\t\t<\/div>\n\t\t\t\t\t<\/div>\n\t\t\t\t<\/div>\n\t\t<div class=\"elementor-element elementor-element-84546a2 e-flex e-con-boxed e-con e-parent\" data-id=\"84546a2\" data-element_type=\"container\" data-e-type=\"container\">\n\t\t\t\t\t<div class=\"e-con-inner\">\n\t\t\t\t<div class=\"elementor-element elementor-element-4ab80fe elementor-widget elementor-widget-image\" data-id=\"4ab80fe\" data-element_type=\"widget\" data-e-type=\"widget\" data-widget_type=\"image.default\">\n\t\t\t\t<div class=\"elementor-widget-container\">\n\t\t\t\t\t\t\t\t\t\t\t\t\t\t\t<img decoding=\"async\" width=\"696\" height=\"696\" src=\"https:\/\/www.iespintorjosemariafernandez.es\/wp-content\/uploads\/2023\/11\/2-1024x1024.jpg\" class=\"attachment-large size-large wp-image-1730\" alt=\"\" srcset=\"https:\/\/www.iespintorjosemariafernandez.es\/wp-content\/uploads\/2023\/11\/2-1024x1024.jpg 1024w, https:\/\/www.iespintorjosemariafernandez.es\/wp-content\/uploads\/2023\/11\/2-300x300.jpg 300w, https:\/\/www.iespintorjosemariafernandez.es\/wp-content\/uploads\/2023\/11\/2-150x150.jpg 150w, https:\/\/www.iespintorjosemariafernandez.es\/wp-content\/uploads\/2023\/11\/2-768x768.jpg 768w, https:\/\/www.iespintorjosemariafernandez.es\/wp-content\/uploads\/2023\/11\/2.jpg 1080w\" sizes=\"(max-width: 696px) 100vw, 696px\" \/>\t\t\t\t\t\t\t\t\t\t\t\t\t\t\t<\/div>\n\t\t\t\t<\/div>\n\t\t\t\t\t<\/div>\n\t\t\t\t<\/div>\n\t\t<div class=\"elementor-element elementor-element-fd4d6c0 e-flex e-con-boxed e-con e-parent\" data-id=\"fd4d6c0\" data-element_type=\"container\" data-e-type=\"container\">\n\t\t\t\t\t<div class=\"e-con-inner\">\n\t\t\t\t<div class=\"elementor-element elementor-element-49ba0e7 elementor-widget elementor-widget-image\" data-id=\"49ba0e7\" data-element_type=\"widget\" data-e-type=\"widget\" data-widget_type=\"image.default\">\n\t\t\t\t<div class=\"elementor-widget-container\">\n\t\t\t\t\t\t\t\t\t\t\t\t\t\t\t<img loading=\"lazy\" decoding=\"async\" width=\"696\" height=\"696\" src=\"https:\/\/www.iespintorjosemariafernandez.es\/wp-content\/uploads\/2023\/11\/3-1024x1024.jpg\" class=\"attachment-large size-large wp-image-1731\" alt=\"\" srcset=\"https:\/\/www.iespintorjosemariafernandez.es\/wp-content\/uploads\/2023\/11\/3-1024x1024.jpg 1024w, https:\/\/www.iespintorjosemariafernandez.es\/wp-content\/uploads\/2023\/11\/3-300x300.jpg 300w, https:\/\/www.iespintorjosemariafernandez.es\/wp-content\/uploads\/2023\/11\/3-150x150.jpg 150w, https:\/\/www.iespintorjosemariafernandez.es\/wp-content\/uploads\/2023\/11\/3-768x768.jpg 768w, https:\/\/www.iespintorjosemariafernandez.es\/wp-content\/uploads\/2023\/11\/3.jpg 1080w\" sizes=\"(max-width: 696px) 100vw, 696px\" \/>\t\t\t\t\t\t\t\t\t\t\t\t\t\t\t<\/div>\n\t\t\t\t<\/div>\n\t\t\t\t\t<\/div>\n\t\t\t\t<\/div>\n\t\t<div class=\"elementor-element elementor-element-5346600 e-flex e-con-boxed e-con e-parent\" data-id=\"5346600\" data-element_type=\"container\" data-e-type=\"container\">\n\t\t\t\t\t<div class=\"e-con-inner\">\n\t\t\t\t<div class=\"elementor-element elementor-element-e93801c elementor-widget elementor-widget-image\" data-id=\"e93801c\" data-element_type=\"widget\" data-e-type=\"widget\" data-widget_type=\"image.default\">\n\t\t\t\t<div class=\"elementor-widget-container\">\n\t\t\t\t\t\t\t\t\t\t\t\t\t\t\t<img loading=\"lazy\" decoding=\"async\" width=\"696\" height=\"696\" src=\"https:\/\/www.iespintorjosemariafernandez.es\/wp-content\/uploads\/2023\/11\/4-1024x1024.jpg\" class=\"attachment-large size-large wp-image-1732\" alt=\"\" srcset=\"https:\/\/www.iespintorjosemariafernandez.es\/wp-content\/uploads\/2023\/11\/4-1024x1024.jpg 1024w, https:\/\/www.iespintorjosemariafernandez.es\/wp-content\/uploads\/2023\/11\/4-300x300.jpg 300w, https:\/\/www.iespintorjosemariafernandez.es\/wp-content\/uploads\/2023\/11\/4-150x150.jpg 150w, https:\/\/www.iespintorjosemariafernandez.es\/wp-content\/uploads\/2023\/11\/4-768x768.jpg 768w, https:\/\/www.iespintorjosemariafernandez.es\/wp-content\/uploads\/2023\/11\/4.jpg 1080w\" sizes=\"(max-width: 696px) 100vw, 696px\" \/>\t\t\t\t\t\t\t\t\t\t\t\t\t\t\t<\/div>\n\t\t\t\t<\/div>\n\t\t\t\t\t<\/div>\n\t\t\t\t<\/div>\n\t\t<div class=\"elementor-element elementor-element-9da9781 e-flex e-con-boxed e-con e-parent\" data-id=\"9da9781\" data-element_type=\"container\" data-e-type=\"container\">\n\t\t\t\t\t<div class=\"e-con-inner\">\n\t\t\t\t<div class=\"elementor-element elementor-element-d7bb0b4 elementor-widget elementor-widget-image\" data-id=\"d7bb0b4\" data-element_type=\"widget\" data-e-type=\"widget\" data-widget_type=\"image.default\">\n\t\t\t\t<div class=\"elementor-widget-container\">\n\t\t\t\t\t\t\t\t\t\t\t\t\t\t\t<img loading=\"lazy\" decoding=\"async\" width=\"696\" height=\"696\" src=\"https:\/\/www.iespintorjosemariafernandez.es\/wp-content\/uploads\/2023\/11\/5-1024x1024.jpg\" class=\"attachment-large size-large wp-image-1733\" alt=\"\" srcset=\"https:\/\/www.iespintorjosemariafernandez.es\/wp-content\/uploads\/2023\/11\/5-1024x1024.jpg 1024w, https:\/\/www.iespintorjosemariafernandez.es\/wp-content\/uploads\/2023\/11\/5-300x300.jpg 300w, https:\/\/www.iespintorjosemariafernandez.es\/wp-content\/uploads\/2023\/11\/5-150x150.jpg 150w, https:\/\/www.iespintorjosemariafernandez.es\/wp-content\/uploads\/2023\/11\/5-768x768.jpg 768w, https:\/\/www.iespintorjosemariafernandez.es\/wp-content\/uploads\/2023\/11\/5.jpg 1080w\" sizes=\"(max-width: 696px) 100vw, 696px\" \/>\t\t\t\t\t\t\t\t\t\t\t\t\t\t\t<\/div>\n\t\t\t\t<\/div>\n\t\t\t\t\t<\/div>\n\t\t\t\t<\/div>\n\t\t<div class=\"elementor-element elementor-element-41d0230 e-flex e-con-boxed e-con e-parent\" data-id=\"41d0230\" data-element_type=\"container\" data-e-type=\"container\">\n\t\t\t\t\t<div class=\"e-con-inner\">\n\t\t\t\t<div class=\"elementor-element elementor-element-50028b5 elementor-widget elementor-widget-image\" data-id=\"50028b5\" data-element_type=\"widget\" data-e-type=\"widget\" data-widget_type=\"image.default\">\n\t\t\t\t<div class=\"elementor-widget-container\">\n\t\t\t\t\t\t\t\t\t\t\t\t\t\t\t<img loading=\"lazy\" decoding=\"async\" width=\"696\" height=\"696\" src=\"https:\/\/www.iespintorjosemariafernandez.es\/wp-content\/uploads\/2023\/11\/6-1024x1024.jpg\" class=\"attachment-large size-large wp-image-1734\" alt=\"\" srcset=\"https:\/\/www.iespintorjosemariafernandez.es\/wp-content\/uploads\/2023\/11\/6-1024x1024.jpg 1024w, https:\/\/www.iespintorjosemariafernandez.es\/wp-content\/uploads\/2023\/11\/6-300x300.jpg 300w, https:\/\/www.iespintorjosemariafernandez.es\/wp-content\/uploads\/2023\/11\/6-150x150.jpg 150w, https:\/\/www.iespintorjosemariafernandez.es\/wp-content\/uploads\/2023\/11\/6-768x768.jpg 768w, https:\/\/www.iespintorjosemariafernandez.es\/wp-content\/uploads\/2023\/11\/6.jpg 1080w\" sizes=\"(max-width: 696px) 100vw, 696px\" \/>\t\t\t\t\t\t\t\t\t\t\t\t\t\t\t<\/div>\n\t\t\t\t<\/div>\n\t\t\t\t\t<\/div>\n\t\t\t\t<\/div>\n\t\t\t\t<\/div>\n\t\t","protected":false},"excerpt":{"rendered":"<p>COORDINADOR: D\u00f1a. Mara Artacho Rojas OBJETIVOS: El IES Pintor Jos\u00e9 Mar\u00eda Fern\u00e1ndez se encuentra inmerso, actualmente, en la ejecuci\u00f3n de varios proyectos gracias al IES La Zafra, centro Coordinador del Consorcio Erasmus+, creado para la ejecuci\u00f3n del Programa de Movilidad llamado \u201cSULAYR\u201d. Los proyectos son los siguientes: 2024-1-ES01-KA121-VET-000210600 Bases 2025-2026. Erasmus+. Bases Sulayr FCT 2025 [&hellip;]<\/p>\n","protected":false},"author":1,"featured_media":0,"parent":47,"menu_order":0,"comment_status":"closed","ping_status":"closed","template":"","meta":{"_eb_attr":"","_mc_calendar":[],"footnotes":""},"class_list":["post-1613","page","type-page","status-publish","hentry"],"yoast_head":"<!-- This site is optimized with the Yoast SEO plugin v27.0 - https:\/\/yoast.com\/product\/yoast-seo-wordpress\/ -->\n<title>Erasmus+ - IES Pintor Jos\u00e9 M\u00aa Fern\u00e1ndez<\/title>\n<meta name=\"robots\" content=\"index, follow, max-snippet:-1, max-image-preview:large, max-video-preview:-1\" \/>\n<link rel=\"canonical\" href=\"https:\/\/www.iespintorjosemariafernandez.es\/index.php\/ies-pintor-antequera\/proyectos\/erasmus\/\" \/>\n<meta property=\"og:locale\" content=\"es_ES\" \/>\n<meta property=\"og:type\" content=\"article\" \/>\n<meta property=\"og:title\" content=\"Erasmus+ - IES Pintor Jos\u00e9 M\u00aa Fern\u00e1ndez\" \/>\n<meta property=\"og:description\" content=\"COORDINADOR: D\u00f1a. Mara Artacho Rojas OBJETIVOS: El IES Pintor Jos\u00e9 Mar\u00eda Fern\u00e1ndez se encuentra inmerso, actualmente, en la ejecuci\u00f3n de varios proyectos gracias al IES La Zafra, centro Coordinador del Consorcio Erasmus+, creado para la ejecuci\u00f3n del Programa de Movilidad llamado \u201cSULAYR\u201d. Los proyectos son los siguientes: 2024-1-ES01-KA121-VET-000210600 Bases 2025-2026. Erasmus+. Bases Sulayr FCT 2025 [&hellip;]\" \/>\n<meta property=\"og:url\" content=\"https:\/\/www.iespintorjosemariafernandez.es\/index.php\/ies-pintor-antequera\/proyectos\/erasmus\/\" \/>\n<meta property=\"og:site_name\" content=\"IES Pintor Jos\u00e9 M\u00aa Fern\u00e1ndez\" \/>\n<meta property=\"article:publisher\" content=\"https:\/\/www.facebook.com\/iesjosemaria.fernandez.5\" \/>\n<meta property=\"article:modified_time\" content=\"2025-11-17T09:15:32+00:00\" \/>\n<meta property=\"og:image\" content=\"https:\/\/www.iespintorjosemariafernandez.es\/wp-content\/uploads\/2025\/10\/Europa.-cofinanciado.png\" \/>\n\t<meta property=\"og:image:width\" content=\"436\" \/>\n\t<meta property=\"og:image:height\" content=\"116\" \/>\n\t<meta property=\"og:image:type\" content=\"image\/png\" \/>\n<meta name=\"twitter:card\" content=\"summary_large_image\" \/>\n<meta name=\"twitter:site\" content=\"@JmfPintor\" \/>\n<meta name=\"twitter:label1\" content=\"Tiempo de lectura\" \/>\n\t<meta name=\"twitter:data1\" content=\"2 minutos\" \/>\n<script type=\"application\/ld+json\" class=\"yoast-schema-graph\">{\"@context\":\"https:\/\/schema.org\",\"@graph\":[{\"@type\":\"WebPage\",\"@id\":\"https:\/\/www.iespintorjosemariafernandez.es\/index.php\/ies-pintor-antequera\/proyectos\/erasmus\/\",\"url\":\"https:\/\/www.iespintorjosemariafernandez.es\/index.php\/ies-pintor-antequera\/proyectos\/erasmus\/\",\"name\":\"Erasmus+ - IES Pintor Jos\u00e9 M\u00aa Fern\u00e1ndez\",\"isPartOf\":{\"@id\":\"https:\/\/www.iespintorjosemariafernandez.es\/#website\"},\"primaryImageOfPage\":{\"@id\":\"https:\/\/www.iespintorjosemariafernandez.es\/index.php\/ies-pintor-antequera\/proyectos\/erasmus\/#primaryimage\"},\"image\":{\"@id\":\"https:\/\/www.iespintorjosemariafernandez.es\/index.php\/ies-pintor-antequera\/proyectos\/erasmus\/#primaryimage\"},\"thumbnailUrl\":\"https:\/\/www.iespintorjosemariafernandez.es\/wp-content\/uploads\/2025\/10\/Europa.-cofinanciado.png\",\"datePublished\":\"2023-10-05T09:34:59+00:00\",\"dateModified\":\"2025-11-17T09:15:32+00:00\",\"breadcrumb\":{\"@id\":\"https:\/\/www.iespintorjosemariafernandez.es\/index.php\/ies-pintor-antequera\/proyectos\/erasmus\/#breadcrumb\"},\"inLanguage\":\"es\",\"potentialAction\":[{\"@type\":\"ReadAction\",\"target\":[\"https:\/\/www.iespintorjosemariafernandez.es\/index.php\/ies-pintor-antequera\/proyectos\/erasmus\/\"]}]},{\"@type\":\"ImageObject\",\"inLanguage\":\"es\",\"@id\":\"https:\/\/www.iespintorjosemariafernandez.es\/index.php\/ies-pintor-antequera\/proyectos\/erasmus\/#primaryimage\",\"url\":\"https:\/\/www.iespintorjosemariafernandez.es\/wp-content\/uploads\/2025\/10\/Europa.-cofinanciado.png\",\"contentUrl\":\"https:\/\/www.iespintorjosemariafernandez.es\/wp-content\/uploads\/2025\/10\/Europa.-cofinanciado.png\",\"width\":436,\"height\":116,\"caption\":\"Europa. Cofinanciado por la Uni\u00f3n Europea\"},{\"@type\":\"BreadcrumbList\",\"@id\":\"https:\/\/www.iespintorjosemariafernandez.es\/index.php\/ies-pintor-antequera\/proyectos\/erasmus\/#breadcrumb\",\"itemListElement\":[{\"@type\":\"ListItem\",\"position\":1,\"name\":\"IES Pintor Jos\u00e9 Mar\u00eda Fern\u00e1ndez\",\"item\":\"https:\/\/www.iespintorjosemariafernandez.es\/\"},{\"@type\":\"ListItem\",\"position\":2,\"name\":\"El Centro\",\"item\":\"https:\/\/www.iespintorjosemariafernandez.es\/\"},{\"@type\":\"ListItem\",\"position\":3,\"name\":\"Planes, programas y proyectos\",\"item\":\"https:\/\/www.iespintorjosemariafernandez.es\/index.php\/ies-pintor-antequera\/proyectos\/\"},{\"@type\":\"ListItem\",\"position\":4,\"name\":\"Erasmus+\"}]},{\"@type\":\"WebSite\",\"@id\":\"https:\/\/www.iespintorjosemariafernandez.es\/#website\",\"url\":\"https:\/\/www.iespintorjosemariafernandez.es\/\",\"name\":\"IES Pintor Jos\u00e9 M\u00aa Fern\u00e1ndez\",\"description\":\"IES Bachillerato Formaci\u00f3n Profesional en Antequera (M\u00e1laga)\",\"publisher\":{\"@id\":\"https:\/\/www.iespintorjosemariafernandez.es\/#organization\"},\"alternateName\":\"IES Pintor Antequera\",\"potentialAction\":[{\"@type\":\"SearchAction\",\"target\":{\"@type\":\"EntryPoint\",\"urlTemplate\":\"https:\/\/www.iespintorjosemariafernandez.es\/?s={search_term_string}\"},\"query-input\":{\"@type\":\"PropertyValueSpecification\",\"valueRequired\":true,\"valueName\":\"search_term_string\"}}],\"inLanguage\":\"es\"},{\"@type\":\"Organization\",\"@id\":\"https:\/\/www.iespintorjosemariafernandez.es\/#organization\",\"name\":\"IES Pintor Antequera\",\"alternateName\":\"IES Pintor\",\"url\":\"https:\/\/www.iespintorjosemariafernandez.es\/\",\"logo\":{\"@type\":\"ImageObject\",\"inLanguage\":\"es\",\"@id\":\"https:\/\/www.iespintorjosemariafernandez.es\/#\/schema\/logo\/image\/\",\"url\":\"https:\/\/www.iespintorjosemariafernandez.es\/wp-content\/uploads\/2023\/03\/logopintor_150.png\",\"contentUrl\":\"https:\/\/www.iespintorjosemariafernandez.es\/wp-content\/uploads\/2023\/03\/logopintor_150.png\",\"width\":150,\"height\":150,\"caption\":\"IES Pintor Antequera\"},\"image\":{\"@id\":\"https:\/\/www.iespintorjosemariafernandez.es\/#\/schema\/logo\/image\/\"},\"sameAs\":[\"https:\/\/www.facebook.com\/iesjosemaria.fernandez.5\",\"https:\/\/x.com\/JmfPintor\",\"https:\/\/www.instagram.com\/ies.pin\/\",\"https:\/\/www.instagram.com\/biblioiespintor\/\"]}]}<\/script>\n<!-- \/ Yoast SEO plugin. -->","yoast_head_json":{"title":"Erasmus+ - IES Pintor Jos\u00e9 M\u00aa Fern\u00e1ndez","robots":{"index":"index","follow":"follow","max-snippet":"max-snippet:-1","max-image-preview":"max-image-preview:large","max-video-preview":"max-video-preview:-1"},"canonical":"https:\/\/www.iespintorjosemariafernandez.es\/index.php\/ies-pintor-antequera\/proyectos\/erasmus\/","og_locale":"es_ES","og_type":"article","og_title":"Erasmus+ - IES Pintor Jos\u00e9 M\u00aa Fern\u00e1ndez","og_description":"COORDINADOR: D\u00f1a. Mara Artacho Rojas OBJETIVOS: El IES Pintor Jos\u00e9 Mar\u00eda Fern\u00e1ndez se encuentra inmerso, actualmente, en la ejecuci\u00f3n de varios proyectos gracias al IES La Zafra, centro Coordinador del Consorcio Erasmus+, creado para la ejecuci\u00f3n del Programa de Movilidad llamado \u201cSULAYR\u201d. Los proyectos son los siguientes: 2024-1-ES01-KA121-VET-000210600 Bases 2025-2026. Erasmus+. Bases Sulayr FCT 2025 [&hellip;]","og_url":"https:\/\/www.iespintorjosemariafernandez.es\/index.php\/ies-pintor-antequera\/proyectos\/erasmus\/","og_site_name":"IES Pintor Jos\u00e9 M\u00aa Fern\u00e1ndez","article_publisher":"https:\/\/www.facebook.com\/iesjosemaria.fernandez.5","article_modified_time":"2025-11-17T09:15:32+00:00","og_image":[{"width":436,"height":116,"url":"https:\/\/www.iespintorjosemariafernandez.es\/wp-content\/uploads\/2025\/10\/Europa.-cofinanciado.png","type":"image\/png"}],"twitter_card":"summary_large_image","twitter_site":"@JmfPintor","twitter_misc":{"Tiempo de lectura":"2 minutos"},"schema":{"@context":"https:\/\/schema.org","@graph":[{"@type":"WebPage","@id":"https:\/\/www.iespintorjosemariafernandez.es\/index.php\/ies-pintor-antequera\/proyectos\/erasmus\/","url":"https:\/\/www.iespintorjosemariafernandez.es\/index.php\/ies-pintor-antequera\/proyectos\/erasmus\/","name":"Erasmus+ - IES Pintor Jos\u00e9 M\u00aa Fern\u00e1ndez","isPartOf":{"@id":"https:\/\/www.iespintorjosemariafernandez.es\/#website"},"primaryImageOfPage":{"@id":"https:\/\/www.iespintorjosemariafernandez.es\/index.php\/ies-pintor-antequera\/proyectos\/erasmus\/#primaryimage"},"image":{"@id":"https:\/\/www.iespintorjosemariafernandez.es\/index.php\/ies-pintor-antequera\/proyectos\/erasmus\/#primaryimage"},"thumbnailUrl":"https:\/\/www.iespintorjosemariafernandez.es\/wp-content\/uploads\/2025\/10\/Europa.-cofinanciado.png","datePublished":"2023-10-05T09:34:59+00:00","dateModified":"2025-11-17T09:15:32+00:00","breadcrumb":{"@id":"https:\/\/www.iespintorjosemariafernandez.es\/index.php\/ies-pintor-antequera\/proyectos\/erasmus\/#breadcrumb"},"inLanguage":"es","potentialAction":[{"@type":"ReadAction","target":["https:\/\/www.iespintorjosemariafernandez.es\/index.php\/ies-pintor-antequera\/proyectos\/erasmus\/"]}]},{"@type":"ImageObject","inLanguage":"es","@id":"https:\/\/www.iespintorjosemariafernandez.es\/index.php\/ies-pintor-antequera\/proyectos\/erasmus\/#primaryimage","url":"https:\/\/www.iespintorjosemariafernandez.es\/wp-content\/uploads\/2025\/10\/Europa.-cofinanciado.png","contentUrl":"https:\/\/www.iespintorjosemariafernandez.es\/wp-content\/uploads\/2025\/10\/Europa.-cofinanciado.png","width":436,"height":116,"caption":"Europa. Cofinanciado por la Uni\u00f3n Europea"},{"@type":"BreadcrumbList","@id":"https:\/\/www.iespintorjosemariafernandez.es\/index.php\/ies-pintor-antequera\/proyectos\/erasmus\/#breadcrumb","itemListElement":[{"@type":"ListItem","position":1,"name":"IES Pintor Jos\u00e9 Mar\u00eda Fern\u00e1ndez","item":"https:\/\/www.iespintorjosemariafernandez.es\/"},{"@type":"ListItem","position":2,"name":"El Centro","item":"https:\/\/www.iespintorjosemariafernandez.es\/"},{"@type":"ListItem","position":3,"name":"Planes, programas y proyectos","item":"https:\/\/www.iespintorjosemariafernandez.es\/index.php\/ies-pintor-antequera\/proyectos\/"},{"@type":"ListItem","position":4,"name":"Erasmus+"}]},{"@type":"WebSite","@id":"https:\/\/www.iespintorjosemariafernandez.es\/#website","url":"https:\/\/www.iespintorjosemariafernandez.es\/","name":"IES Pintor Jos\u00e9 M\u00aa Fern\u00e1ndez","description":"IES Bachillerato Formaci\u00f3n Profesional en Antequera (M\u00e1laga)","publisher":{"@id":"https:\/\/www.iespintorjosemariafernandez.es\/#organization"},"alternateName":"IES Pintor Antequera","potentialAction":[{"@type":"SearchAction","target":{"@type":"EntryPoint","urlTemplate":"https:\/\/www.iespintorjosemariafernandez.es\/?s={search_term_string}"},"query-input":{"@type":"PropertyValueSpecification","valueRequired":true,"valueName":"search_term_string"}}],"inLanguage":"es"},{"@type":"Organization","@id":"https:\/\/www.iespintorjosemariafernandez.es\/#organization","name":"IES Pintor Antequera","alternateName":"IES Pintor","url":"https:\/\/www.iespintorjosemariafernandez.es\/","logo":{"@type":"ImageObject","inLanguage":"es","@id":"https:\/\/www.iespintorjosemariafernandez.es\/#\/schema\/logo\/image\/","url":"https:\/\/www.iespintorjosemariafernandez.es\/wp-content\/uploads\/2023\/03\/logopintor_150.png","contentUrl":"https:\/\/www.iespintorjosemariafernandez.es\/wp-content\/uploads\/2023\/03\/logopintor_150.png","width":150,"height":150,"caption":"IES Pintor Antequera"},"image":{"@id":"https:\/\/www.iespintorjosemariafernandez.es\/#\/schema\/logo\/image\/"},"sameAs":["https:\/\/www.facebook.com\/iesjosemaria.fernandez.5","https:\/\/x.com\/JmfPintor","https:\/\/www.instagram.com\/ies.pin\/","https:\/\/www.instagram.com\/biblioiespintor\/"]}]}},"_links":{"self":[{"href":"https:\/\/www.iespintorjosemariafernandez.es\/index.php\/wp-json\/wp\/v2\/pages\/1613","targetHints":{"allow":["GET"]}}],"collection":[{"href":"https:\/\/www.iespintorjosemariafernandez.es\/index.php\/wp-json\/wp\/v2\/pages"}],"about":[{"href":"https:\/\/www.iespintorjosemariafernandez.es\/index.php\/wp-json\/wp\/v2\/types\/page"}],"author":[{"embeddable":true,"href":"https:\/\/www.iespintorjosemariafernandez.es\/index.php\/wp-json\/wp\/v2\/users\/1"}],"replies":[{"embeddable":true,"href":"https:\/\/www.iespintorjosemariafernandez.es\/index.php\/wp-json\/wp\/v2\/comments?post=1613"}],"version-history":[{"count":61,"href":"https:\/\/www.iespintorjosemariafernandez.es\/index.php\/wp-json\/wp\/v2\/pages\/1613\/revisions"}],"predecessor-version":[{"id":2757,"href":"https:\/\/www.iespintorjosemariafernandez.es\/index.php\/wp-json\/wp\/v2\/pages\/1613\/revisions\/2757"}],"up":[{"embeddable":true,"href":"https:\/\/www.iespintorjosemariafernandez.es\/index.php\/wp-json\/wp\/v2\/pages\/47"}],"wp:attachment":[{"href":"https:\/\/www.iespintorjosemariafernandez.es\/index.php\/wp-json\/wp\/v2\/media?parent=1613"}],"curies":[{"name":"wp","href":"https:\/\/api.w.org\/{rel}","templated":true}]}}